{"id":11561,"date":"2020-11-13T18:34:32","date_gmt":"2020-11-13T18:34:32","guid":{"rendered":"http:\/\/muzeumminiaturowejsztukiprofesjonalnejhenrykjandominiak.eu\/wp\/?page_id=11561"},"modified":"2021-08-18T12:32:01","modified_gmt":"2021-08-18T12:32:01","slug":"zlote-orly-rozrywki-2019-2020-nagroda-odwiedzajacych","status":"publish","type":"page","link":"https:\/\/muzeumminiaturowejsztukiprofesjonalnejhenrykjandominiak.eu\/wp\/zlote-orly-rozrywki-2019-2020-nagroda-odwiedzajacych\/","title":{"rendered":"Z\u0142ote OR\u0141Y Rozrywki 2019 2020 nagroda odwiedzaj\u0105cych"},"content":{"rendered":"\t\t<div data-elementor-type=\"wp-page\" data-elementor-id=\"11561\" class=\"elementor elementor-11561\" data-elementor-settings=\"[]\">\n\t\t\t\t\t\t\t<div class=\"elementor-section-wrap\">\n\t\t\t\t\t\t\t<section class=\"elementor-section elementor-top-section elementor-element elementor-element-7114e708 elementor-section-boxed elementor-section-height-default elementor-section-height-default\" data-id=\"7114e708\" data-element_type=\"section\">\n\t\t\t\t\t\t<div class=\"elementor-container elementor-column-gap-default\">\n\t\t\t\t\t<div class=\"elementor-column elementor-col-100 elementor-top-column elementor-element elementor-element-38115e33\" data-id=\"38115e33\" data-element_type=\"column\">\n\t\t\t<div class=\"elementor-widget-wrap elementor-element-populated\">\n\t\t\t\t\t\t\t\t<div class=\"elementor-element elementor-element-419dc40b elementor-widget elementor-widget-text-editor\" data-id=\"419dc40b\" data-element_type=\"widget\" data-widget_type=\"text-editor.default\">\n\t\t\t\t<div class=\"elementor-widget-container\">\n\t\t\t\t\t\t\t\t<h2><a href=\"http:\/\/muzeumminiaturowejsztukiprofesjonalnejhenrykjandominiak.eu\/wp\/wp-content\/uploads\/2019\/06\/logo-Muzeum-DOMINIAK.png\"><img loading=\"lazy\" class=\"alignnone wp-image-5446\" src=\"http:\/\/muzeumminiaturowejsztukiprofesjonalnejhenrykjandominiak.eu\/wp\/wp-content\/uploads\/2019\/06\/logo-Muzeum-DOMINIAK-280x300.png\" alt=\"Z\u0142ote OR\u0141Y Rozrywki 2019 2020 nagroda odwiedzaj\u0105cych logo Muzeum DOMINIAK\" width=\"73\" height=\"78\" srcset=\"https:\/\/muzeumminiaturowejsztukiprofesjonalnejhenrykjandominiak.eu\/wp\/wp-content\/uploads\/2019\/06\/logo-Muzeum-DOMINIAK-280x300.png 280w, https:\/\/muzeumminiaturowejsztukiprofesjonalnejhenrykjandominiak.eu\/wp\/wp-content\/uploads\/2019\/06\/logo-Muzeum-DOMINIAK-957x1024.png 957w, https:\/\/muzeumminiaturowejsztukiprofesjonalnejhenrykjandominiak.eu\/wp\/wp-content\/uploads\/2019\/06\/logo-Muzeum-DOMINIAK.png 960w\" sizes=\"(max-width: 73px) 100vw, 73px\" \/><\/a><\/h2><h2><a href=\"http:\/\/muzeumminiaturowejsztukiprofesjonalnejhenrykjandominiak.eu\/wp\/wp-content\/uploads\/2019\/12\/LOGO-LAUREATA-OR\u0141Y-ROZRYWKI-1.png\"><img loading=\"lazy\" class=\"alignnone wp-image-7083\" src=\"http:\/\/muzeumminiaturowejsztukiprofesjonalnejhenrykjandominiak.eu\/wp\/wp-content\/uploads\/2019\/12\/LOGO-LAUREATA-OR\u0141Y-ROZRYWKI-1.png\" alt=\"LOGO LAUREATA - OR\u0141Y ROZRYWKI 2019 (1)\" width=\"69\" height=\"78\" \/><\/a><span style=\"color: #999999;\"> <a href=\"http:\/\/muzeumminiaturowejsztukiprofesjonalnejhenrykjandominiak.eu\/wp\/wp-content\/uploads\/2020\/04\/laureat-konkursu-plebiscyt-bran\u017cowy-gold.png\"><img loading=\"lazy\" class=\"alignnone wp-image-9260 size-full\" src=\"http:\/\/muzeumminiaturowejsztukiprofesjonalnejhenrykjandominiak.eu\/wp\/wp-content\/uploads\/2020\/04\/laureat-konkursu-plebiscyt-bran\u017cowy-gold.png\" alt=\"OR\u0141Y ROZRYWKI laureat konkursu plebiscyt bran\u017cowy gold\" width=\"298\" height=\"78\" \/><\/a> <a href=\"http:\/\/muzeumminiaturowejsztukiprofesjonalnejhenrykjandominiak.eu\/wp\/wp-content\/uploads\/2020\/04\/LOGO-LAUREATA-OR\u0141Y-ROZRYWKI-2020-1.png\"><img loading=\"lazy\" class=\"alignnone wp-image-11031\" src=\"http:\/\/muzeumminiaturowejsztukiprofesjonalnejhenrykjandominiak.eu\/wp\/wp-content\/uploads\/2020\/04\/LOGO-LAUREATA-OR\u0141Y-ROZRYWKI-2020-1-265x300.png\" alt=\"LOGO LAUREATA - OR\u0141Y ROZRYWKI 2020 (1)\" width=\"69\" height=\"78\" srcset=\"https:\/\/muzeumminiaturowejsztukiprofesjonalnejhenrykjandominiak.eu\/wp\/wp-content\/uploads\/2020\/04\/LOGO-LAUREATA-OR\u0141Y-ROZRYWKI-2020-1-265x300.png 265w, https:\/\/muzeumminiaturowejsztukiprofesjonalnejhenrykjandominiak.eu\/wp\/wp-content\/uploads\/2020\/04\/LOGO-LAUREATA-OR\u0141Y-ROZRYWKI-2020-1.png 400w\" sizes=\"(max-width: 69px) 100vw, 69px\" \/><\/a> <\/span><\/h2><h2><span style=\"color: #999999;\">Z\u0142ote OR\u0141Y Rozrywki 2019 2020 nagroda odwiedzaj\u0105cych dla<\/span><\/h2><h2><span style=\"color: #2462bf;\"><a style=\"color: #2462bf;\" href=\"http:\/\/muzeumminiaturowejsztukiprofesjonalnejhenrykjandominiak.eu\/wp\/\">Muzeum Miniaturowej Sztuki Profesjonalnej Henryk Jan Dominiak<\/a><\/span><\/h2><h2><span style=\"color: #999999;\">w<\/span> <span style=\"color: #2462bf;\"><a style=\"color: #2462bf;\" href=\"http:\/\/dominiakah.com\/wp\/tychy-od-dawna-do-wspolczesnosci\/\">Tychach <\/a><\/span><\/h2><h3><span style=\"color: #999999;\"><a href=\"http:\/\/muzeumminiaturowejsztukiprofesjonalnejhenrykjandominiak.eu\/wp\/wp-content\/uploads\/2016\/03\/ozdoba-graficzna-tekstu-okresowe-spotkania-w-muzeum-ornament-w-ksi\u0105\u017cce-autor-Henryk-Jan-Dominiak.png\"><img loading=\"lazy\" class=\"alignnone wp-image-6642 size-medium\" src=\"http:\/\/muzeumminiaturowejsztukiprofesjonalnejhenrykjandominiak.eu\/wp\/wp-content\/uploads\/2016\/03\/ozdoba-graficzna-tekstu-okresowe-spotkania-w-muzeum-ornament-w-ksi\u0105\u017cce-autor-Henryk-Jan-Dominiak-300x300.png\" alt=\"Or\u0142y Rozrywki 2019 ozdoba graficzna tekstu okresowe spotkania w muzeum ornament w ksi\u0105\u017cce autor Henryk Jan Dominiak\" width=\"300\" height=\"300\" srcset=\"https:\/\/muzeumminiaturowejsztukiprofesjonalnejhenrykjandominiak.eu\/wp\/wp-content\/uploads\/2016\/03\/ozdoba-graficzna-tekstu-okresowe-spotkania-w-muzeum-ornament-w-ksi\u0105\u017cce-autor-Henryk-Jan-Dominiak-300x300.png 300w, https:\/\/muzeumminiaturowejsztukiprofesjonalnejhenrykjandominiak.eu\/wp\/wp-content\/uploads\/2016\/03\/ozdoba-graficzna-tekstu-okresowe-spotkania-w-muzeum-ornament-w-ksi\u0105\u017cce-autor-Henryk-Jan-Dominiak-150x150.png 150w, https:\/\/muzeumminiaturowejsztukiprofesjonalnejhenrykjandominiak.eu\/wp\/wp-content\/uploads\/2016\/03\/ozdoba-graficzna-tekstu-okresowe-spotkania-w-muzeum-ornament-w-ksi\u0105\u017cce-autor-Henryk-Jan-Dominiak.png 922w\" sizes=\"(max-width: 300px) 100vw, 300px\" \/><\/a> <\/span><\/h3><h3><span style=\"color: #999999;\">Or\u0142y Rozrywki 2019 osi\u0105gni\u0119cie statusu laureata <span class=\"thiner\">w mie\u015bcie<\/span> Tychy, <\/span><\/h3><h3><span style=\"color: #999999;\">a nast\u0119pnie uzyskanie tytu\u0142u &#8222;<strong>Z\u0142otych Or\u0142\u00f3w Rozrywki 2019&#8243; w Polsce,\u00a0<\/strong><\/span><\/h3><h3><span style=\"color: #999999;\">Or\u0142y Rozrywki 2020 osi\u0105gni\u0119cie statusu <span style=\"color: #2462bf;\"><a style=\"color: #2462bf;\" href=\"https:\/\/www.orlyrozrywki.pl\/city-21777-tychy\">1 miejsce <span class=\"thiner\">w mie\u015bcie<\/span> Tychy<\/a><\/span><\/span><\/h3><p style=\"text-align: left;\"><span style=\"color: #999999;\">Z\u0142ote OR\u0141Y Rozrywki 2019 2020 nagroda odwiedzaj\u0105cych &#8211; na terenie pa\u0144stwa unitarnego zlokalizowanego w Europie \u015arodkowej, muzeum wyprzedzi\u0142o ponad 53 511 firm z bran\u017cy &#8211; data skanowania: 20.12.2019 &#8211; recenzja 9,1\/10 punkt\u00f3w. Dnia 19.02.2020 &#8211; orzeczenie 10\/10 pozycji. Konkurs dopi\u0119\u0142a na ostatni guzik firma Beautiful Company.<\/span><\/p><p style=\"text-align: left;\"><span style=\"color: #999999;\">To podnosz\u0105ce rang\u0119 wyr\u00f3\u017cnienie przyj\u0119li\u015bmy z dum\u0105 i dobr\u0105 perspektyw\u0105 dla dalszych wsp\u00f3lnych dzia\u0142a\u0144 na mapie kulturalnej<\/span> <span style=\"color: #2462bf;\"><a style=\"color: #2462bf;\" href=\"http:\/\/dominiakah.com\/wp\/polska-panstwo-w-europie-srodkowej\/\">Polski<\/a><\/span><span style=\"color: #999999;\"> i spotka\u0144 muzealnych z naszymi go\u015b\u0107mi i partnerami. Sztandarowym celem jest podniesienie standard\u00f3w obs\u0142ugi i poprawa jako\u015bci pracy personelu plac\u00f3wki. <\/span><\/p><p style=\"text-align: left;\"><span style=\"color: #999999;\">W dniu 11.08.2020 plac\u00f3wka doczeka\u0142a si\u0119 statuetki oraz dyplomu po\u015bwiadczaj\u0105cego cz\u0142onkostwo w gronie mistrzowskich organizator\u00f3w inicjatyw artystycznych. W ocenie go\u015bci zwiedzaj\u0105cych, uczni\u00f3w, student\u00f3w, rodzic\u00f3w z dzie\u0107mi i turyst\u00f3w urzeczywistnionej przez kapitu\u0142\u0119 \u201eOr\u0142\u00f3w Rozrywki\u201d, muzeum uzyska\u0142o ocen\u0119 9,1 na 10. Osi\u0105gni\u0119ty wynik zezwala kolekcji dzie\u0142 aplikowa\u0107 status <strong>\u201eZ\u0142otych Or\u0142\u00f3w Rozrywki 2019\u201d<\/strong>. Do tego korpusu zakwalifikowa\u0142o si\u0119 w Polsce nie wi\u0119cej ni\u017c 6,05% opiniowanych jednostek odskoczni \u017cyciowych.<\/span><\/p><p style=\"text-align: left;\"><span style=\"color: #999999;\">Przesy\u0142amy wyrazy wdzi\u0119czno\u015bci wszystkim, kt\u00f3rzy wyra\u017caj\u0105 si\u0119 o naszym muzeum z uznaniem i zapewniamy, i\u017c spr\u0119\u017cymy si\u0119, aby w tym szlachetnym poczcie harmonii pozosta\u0107 przez d\u0142ugi czas.<\/span><\/p><p style=\"text-align: left;\"><span style=\"color: #999999;\">. <\/span><\/p><p style=\"text-align: left;\"><span style=\"color: #999999;\">Dysponujemy CERTYFIKATEM : <\/span><\/p><p style=\"text-align: left;\"><span style=\"color: #999999;\">Z dniem 20.08.2020: <\/span><\/p><p style=\"text-align: left;\"><span style=\"color: #999999;\"><a href=\"http:\/\/muzeumminiaturowejsztukiprofesjonalnejhenrykjandominiak.eu\/wp\/wp-content\/uploads\/2020\/04\/Muzeum-Dominiak-Certyfikat-ISO-9001-PN-EN-ISO-90012015-10-ISO-9001-2020-1.jpg\"><img loading=\"lazy\" class=\"alignnone size-medium wp-image-11072\" src=\"http:\/\/muzeumminiaturowejsztukiprofesjonalnejhenrykjandominiak.eu\/wp\/wp-content\/uploads\/2020\/04\/Muzeum-Dominiak-Certyfikat-ISO-9001-PN-EN-ISO-90012015-10-ISO-9001-2020-1-212x300.jpg\" alt=\"Muzeum Dominiak Certyfikat ISO 9001 PN-EN ISO 90012015-10 ISO 9001 2020 -1\" width=\"212\" height=\"300\" srcset=\"https:\/\/muzeumminiaturowejsztukiprofesjonalnejhenrykjandominiak.eu\/wp\/wp-content\/uploads\/2020\/04\/Muzeum-Dominiak-Certyfikat-ISO-9001-PN-EN-ISO-90012015-10-ISO-9001-2020-1-212x300.jpg 212w, https:\/\/muzeumminiaturowejsztukiprofesjonalnejhenrykjandominiak.eu\/wp\/wp-content\/uploads\/2020\/04\/Muzeum-Dominiak-Certyfikat-ISO-9001-PN-EN-ISO-90012015-10-ISO-9001-2020-1-724x1024.jpg 724w, https:\/\/muzeumminiaturowejsztukiprofesjonalnejhenrykjandominiak.eu\/wp\/wp-content\/uploads\/2020\/04\/Muzeum-Dominiak-Certyfikat-ISO-9001-PN-EN-ISO-90012015-10-ISO-9001-2020-1.jpg 1654w\" sizes=\"(max-width: 212px) 100vw, 212px\" \/><\/a> 1). Plac\u00f3wka posiada wdro\u017cony System Zarz\u0105dzania Jako\u015bci\u0105 w oparciu o norm\u0119 PN-EN ISO 9001:2015-10. Numer certyfikatu: 20\/08\/2020\/TS\/WA\/749\/05. <\/span><\/p><p style=\"text-align: left;\"><span style=\"color: #999999;\"><a href=\"http:\/\/muzeumminiaturowejsztukiprofesjonalnejhenrykjandominiak.eu\/wp\/wp-content\/uploads\/2020\/04\/Muzeum-Dominiak-CERTYFIKAT-JAKO\u015aCI-Europejska-Gwiazda-Obiekt-Historyczny-EG-2020-1-1.jpg\"><img loading=\"lazy\" class=\"alignnone size-medium wp-image-11059\" src=\"http:\/\/muzeumminiaturowejsztukiprofesjonalnejhenrykjandominiak.eu\/wp\/wp-content\/uploads\/2020\/04\/Muzeum-Dominiak-CERTYFIKAT-JAKO\u015aCI-Europejska-Gwiazda-Obiekt-Historyczny-EG-2020-1-1-212x300.jpg\" alt=\"Muzeum Dominiak CERTYFIKAT JAKO\u015aCI - Europejska Gwiazda Obiekt Historyczny EG 2020 (1)-1\" width=\"212\" height=\"300\" srcset=\"https:\/\/muzeumminiaturowejsztukiprofesjonalnejhenrykjandominiak.eu\/wp\/wp-content\/uploads\/2020\/04\/Muzeum-Dominiak-CERTYFIKAT-JAKO\u015aCI-Europejska-Gwiazda-Obiekt-Historyczny-EG-2020-1-1-212x300.jpg 212w, https:\/\/muzeumminiaturowejsztukiprofesjonalnejhenrykjandominiak.eu\/wp\/wp-content\/uploads\/2020\/04\/Muzeum-Dominiak-CERTYFIKAT-JAKO\u015aCI-Europejska-Gwiazda-Obiekt-Historyczny-EG-2020-1-1-724x1024.jpg 724w, https:\/\/muzeumminiaturowejsztukiprofesjonalnejhenrykjandominiak.eu\/wp\/wp-content\/uploads\/2020\/04\/Muzeum-Dominiak-CERTYFIKAT-JAKO\u015aCI-Europejska-Gwiazda-Obiekt-Historyczny-EG-2020-1-1.jpg 1654w\" sizes=\"(max-width: 212px) 100vw, 212px\" \/><\/a> 2). CERTYFIKAT JAKO\u015aCI &#8211; Europejska Gwiazda Obiekt Historyczny &#8211; Departament Weryfikacji Jako\u015bci Licencja nr WA-20082020-EG-018. <\/span><\/p><p style=\"text-align: left;\"><span style=\"color: #999999;\">21.08.2020: <\/span><\/p><p style=\"text-align: left;\"><span style=\"color: #999999;\"><a href=\"http:\/\/muzeumminiaturowejsztukiprofesjonalnejhenrykjandominiak.eu\/wp\/wp-content\/uploads\/2020\/04\/Muzeum-Dominiak-CERTYFIKAT-JAKO\u015aCI-\u2013-EUROPEJSKI-LIDER-JAKO\u015aCI-ELJ-2020-1.jpg\"><img loading=\"lazy\" class=\"alignnone size-medium wp-image-11060\" src=\"http:\/\/muzeumminiaturowejsztukiprofesjonalnejhenrykjandominiak.eu\/wp\/wp-content\/uploads\/2020\/04\/Muzeum-Dominiak-CERTYFIKAT-JAKO\u015aCI-\u2013-EUROPEJSKI-LIDER-JAKO\u015aCI-ELJ-2020-1-212x300.jpg\" alt=\"Muzeum Dominiak CERTYFIKAT JAKO\u015aCI \u2013 EUROPEJSKI LIDER JAKO\u015aCI- ELJ 2020-1\" width=\"212\" height=\"300\" srcset=\"https:\/\/muzeumminiaturowejsztukiprofesjonalnejhenrykjandominiak.eu\/wp\/wp-content\/uploads\/2020\/04\/Muzeum-Dominiak-CERTYFIKAT-JAKO\u015aCI-\u2013-EUROPEJSKI-LIDER-JAKO\u015aCI-ELJ-2020-1-212x300.jpg 212w, https:\/\/muzeumminiaturowejsztukiprofesjonalnejhenrykjandominiak.eu\/wp\/wp-content\/uploads\/2020\/04\/Muzeum-Dominiak-CERTYFIKAT-JAKO\u015aCI-\u2013-EUROPEJSKI-LIDER-JAKO\u015aCI-ELJ-2020-1-724x1024.jpg 724w, https:\/\/muzeumminiaturowejsztukiprofesjonalnejhenrykjandominiak.eu\/wp\/wp-content\/uploads\/2020\/04\/Muzeum-Dominiak-CERTYFIKAT-JAKO\u015aCI-\u2013-EUROPEJSKI-LIDER-JAKO\u015aCI-ELJ-2020-1.jpg 1654w\" sizes=\"(max-width: 212px) 100vw, 212px\" \/><\/a> 1). CERTYFIKAT JAKO\u015aCI \u2013 EUROPEJSKI LIDER JAKO\u015aCI &#8211; Departament Weryfikacji Jako\u015bci Licencja nr WA-21082020-ELJ-3003. <\/span><\/p><p style=\"text-align: left;\"><span style=\"color: #999999;\">08.09.2020: <\/span><\/p><p style=\"text-align: left;\"><span style=\"color: #999999;\"><a href=\"http:\/\/muzeumminiaturowejsztukiprofesjonalnejhenrykjandominiak.eu\/wp\/wp-content\/uploads\/2015\/12\/Muzeum-Dominiak-CERTYFIKAT-EUROPEJSKA-GWARANCJA-NAJWY\u017bSZEJ-JAKO\u015aCI-EGNJ-2020-1.jpg\"><img loading=\"lazy\" class=\"alignnone size-medium wp-image-11141\" src=\"http:\/\/muzeumminiaturowejsztukiprofesjonalnejhenrykjandominiak.eu\/wp\/wp-content\/uploads\/2015\/12\/Muzeum-Dominiak-CERTYFIKAT-EUROPEJSKA-GWARANCJA-NAJWY\u017bSZEJ-JAKO\u015aCI-EGNJ-2020-1-212x300.jpg\" alt=\"Muzeum Dominiak - CERTYFIKAT EUROPEJSKA GWARANCJA NAJWY\u017bSZEJ JAKO\u015aCI - EGNJ 2020 -1\" width=\"212\" height=\"300\" srcset=\"https:\/\/muzeumminiaturowejsztukiprofesjonalnejhenrykjandominiak.eu\/wp\/wp-content\/uploads\/2015\/12\/Muzeum-Dominiak-CERTYFIKAT-EUROPEJSKA-GWARANCJA-NAJWY\u017bSZEJ-JAKO\u015aCI-EGNJ-2020-1-212x300.jpg 212w, https:\/\/muzeumminiaturowejsztukiprofesjonalnejhenrykjandominiak.eu\/wp\/wp-content\/uploads\/2015\/12\/Muzeum-Dominiak-CERTYFIKAT-EUROPEJSKA-GWARANCJA-NAJWY\u017bSZEJ-JAKO\u015aCI-EGNJ-2020-1-724x1024.jpg 724w, https:\/\/muzeumminiaturowejsztukiprofesjonalnejhenrykjandominiak.eu\/wp\/wp-content\/uploads\/2015\/12\/Muzeum-Dominiak-CERTYFIKAT-EUROPEJSKA-GWARANCJA-NAJWY\u017bSZEJ-JAKO\u015aCI-EGNJ-2020-1.jpg 1654w\" sizes=\"(max-width: 212px) 100vw, 212px\" \/><\/a> 1). CERTYFIKAT EUROPEJSKA GWARANCJA NAJWY\u017bSZEJ JAKO\u015aCI &#8211; Licencja nr WA-08092020-EGNJ-1348. <\/span><\/p><p style=\"text-align: left;\"><span style=\"color: #999999;\"><a href=\"http:\/\/muzeumminiaturowejsztukiprofesjonalnejhenrykjandominiak.eu\/wp\/wp-content\/uploads\/2015\/12\/Muzeum-Dominiak-CERTYFIKAT-POLSKA-GWARANCJA-NAJWY\u017bSZEJ-JAKO\u015aCI-PGNJ-2020-1.jpg\"><img loading=\"lazy\" class=\"alignnone size-medium wp-image-11142\" src=\"http:\/\/muzeumminiaturowejsztukiprofesjonalnejhenrykjandominiak.eu\/wp\/wp-content\/uploads\/2015\/12\/Muzeum-Dominiak-CERTYFIKAT-POLSKA-GWARANCJA-NAJWY\u017bSZEJ-JAKO\u015aCI-PGNJ-2020-1-212x300.jpg\" alt=\"Muzeum Dominiak - CERTYFIKAT POLSKA GWARANCJA NAJWY\u017bSZEJ JAKO\u015aCI - PGNJ 2020 -1\" width=\"212\" height=\"300\" srcset=\"https:\/\/muzeumminiaturowejsztukiprofesjonalnejhenrykjandominiak.eu\/wp\/wp-content\/uploads\/2015\/12\/Muzeum-Dominiak-CERTYFIKAT-POLSKA-GWARANCJA-NAJWY\u017bSZEJ-JAKO\u015aCI-PGNJ-2020-1-212x300.jpg 212w, https:\/\/muzeumminiaturowejsztukiprofesjonalnejhenrykjandominiak.eu\/wp\/wp-content\/uploads\/2015\/12\/Muzeum-Dominiak-CERTYFIKAT-POLSKA-GWARANCJA-NAJWY\u017bSZEJ-JAKO\u015aCI-PGNJ-2020-1-724x1024.jpg 724w, https:\/\/muzeumminiaturowejsztukiprofesjonalnejhenrykjandominiak.eu\/wp\/wp-content\/uploads\/2015\/12\/Muzeum-Dominiak-CERTYFIKAT-POLSKA-GWARANCJA-NAJWY\u017bSZEJ-JAKO\u015aCI-PGNJ-2020-1.jpg 1654w\" sizes=\"(max-width: 212px) 100vw, 212px\" \/><\/a> 2). CERTYFIKAT POLSKA GWARANCJA NAJWY\u017bSZEJ JAKO\u015aCI &#8211; Licencja nr WA-08092020-PGNJ-034. <\/span><\/p><p style=\"text-align: left;\"><span style=\"color: #999999;\">. <\/span><\/p><p style=\"text-align: left;\"><span style=\"color: #999999;\">Nasze NAGRODY: <\/span><\/p><p style=\"text-align: left;\"><span style=\"color: #999999;\">10.09.2020. <\/span><\/p><p style=\"text-align: left;\"><span style=\"color: #999999;\">PLATYNOWY LEW BIZNESU. <\/span><\/p><p style=\"text-align: left;\"><span style=\"color: #999999;\">. <\/span><\/p><p style=\"text-align: left;\"><span style=\"color: #999999;\">11.08.2020. <\/span><\/p><p style=\"text-align: left;\"><span style=\"color: #999999;\"><a href=\"http:\/\/muzeumminiaturowejsztukiprofesjonalnejhenrykjandominiak.eu\/wp\/wp-content\/uploads\/2020\/04\/LAUREAT-Z\u0141OTE-OR\u0141Y-ROZRYWKI-2019-Muzeum-Miniaturowej-Sztuki-Profesjonalnej-Henryk-Jan-Dominiak-w-Tychach-.jpg\"><img loading=\"lazy\" class=\"alignnone wp-image-11026\" src=\"http:\/\/muzeumminiaturowejsztukiprofesjonalnejhenrykjandominiak.eu\/wp\/wp-content\/uploads\/2020\/04\/LAUREAT-Z\u0141OTE-OR\u0141Y-ROZRYWKI-2019-Muzeum-Miniaturowej-Sztuki-Profesjonalnej-Henryk-Jan-Dominiak-w-Tychach--768x1024.jpg\" alt=\"LAUREAT Z\u0141OTE OR\u0141Y ROZRYWKI 2019 Muzeum Miniaturowej Sztuki Profesjonalnej Henryk Jan Dominiak w Tychach\" width=\"1024\" height=\"1365\" srcset=\"https:\/\/muzeumminiaturowejsztukiprofesjonalnejhenrykjandominiak.eu\/wp\/wp-content\/uploads\/2020\/04\/LAUREAT-Z\u0141OTE-OR\u0141Y-ROZRYWKI-2019-Muzeum-Miniaturowej-Sztuki-Profesjonalnej-Henryk-Jan-Dominiak-w-Tychach--768x1024.jpg 768w, https:\/\/muzeumminiaturowejsztukiprofesjonalnejhenrykjandominiak.eu\/wp\/wp-content\/uploads\/2020\/04\/LAUREAT-Z\u0141OTE-OR\u0141Y-ROZRYWKI-2019-Muzeum-Miniaturowej-Sztuki-Profesjonalnej-Henryk-Jan-Dominiak-w-Tychach--225x300.jpg 225w\" sizes=\"(max-width: 1024px) 100vw, 1024px\" \/><\/a><\/span><\/p><p style=\"text-align: left;\"><span style=\"color: #999999;\">. <\/span><\/p><p style=\"text-align: left;\"><span style=\"color: #999999;\">20.12.2019.<\/span><\/p><p style=\"text-align: left;\"><a href=\"http:\/\/muzeumminiaturowejsztukiprofesjonalnejhenrykjandominiak.eu\/wp\/wp-content\/uploads\/2019\/12\/LAUREAT-OR\u0141Y-ROZRYWKI-Muzeum-Miniaturowej-Sztuki-Profesjonalnej-Henryk-Jan-Dominiak-w-Tychach-2a1.jpg\"><img loading=\"lazy\" class=\"alignnone wp-image-7110 size-large\" src=\"http:\/\/muzeumminiaturowejsztukiprofesjonalnejhenrykjandominiak.eu\/wp\/wp-content\/uploads\/2019\/12\/LAUREAT-OR\u0141Y-ROZRYWKI-Muzeum-Miniaturowej-Sztuki-Profesjonalnej-Henryk-Jan-Dominiak-w-Tychach-2a1-1024x576.jpg\" alt=\"LAUREAT OR\u0141Y ROZRYWKI Muzeum Miniaturowej Sztuki Profesjonalnej Henryk Jan Dominiak w Tychach (2a1)\" width=\"1024\" height=\"576\" srcset=\"https:\/\/muzeumminiaturowejsztukiprofesjonalnejhenrykjandominiak.eu\/wp\/wp-content\/uploads\/2019\/12\/LAUREAT-OR\u0141Y-ROZRYWKI-Muzeum-Miniaturowej-Sztuki-Profesjonalnej-Henryk-Jan-Dominiak-w-Tychach-2a1-1024x576.jpg 1024w, https:\/\/muzeumminiaturowejsztukiprofesjonalnejhenrykjandominiak.eu\/wp\/wp-content\/uploads\/2019\/12\/LAUREAT-OR\u0141Y-ROZRYWKI-Muzeum-Miniaturowej-Sztuki-Profesjonalnej-Henryk-Jan-Dominiak-w-Tychach-2a1-300x169.jpg 300w\" sizes=\"(max-width: 1024px) 100vw, 1024px\" \/><\/a><\/p><p style=\"text-align: left;\">.<\/p><h5 class=\"about-company-info text-left fontSize18 fontBold fontColor70\"><span style=\"color: #999999;\">Oceny na poszczeg\u00f3lnych stronach<\/span><\/h5><div class=\"general-rating\"><div id=\"myTabContent\" class=\"tab-content\"><div id=\"Poland2\" class=\"tab-pane fade show active\"><div class=\"row about-company\"><table class=\"table table-sm col-xs-12 hidden-sm-up company-profiles\" style=\"height: 301px;\" width=\"846\"><thead><tr class=\"fontColor4a fontSize10\"><th class=\"text-center text-uppercase\" scope=\"col\"><span style=\"color: #999999;\">STRONA INTERNETOWA<\/span><\/th><th class=\"text-center text-uppercase\" scope=\"col\"><span style=\"color: #999999;\">ILO\u015a\u0106 OCEN<\/span><\/th><th class=\"text-center text-uppercase col-xs-3\" scope=\"col\"><span style=\"color: #999999;\">OCENA<\/span><\/th><\/tr><\/thead><tbody><tr><td class=\"fontSize12 fontColor9c\"><span style=\"color: #999999;\">gmaps<\/span><\/td><td class=\"fontSize12 fontBold fontColor9c\"><div class=\"count-rating\"><span style=\"color: #999999;\">22<\/span><\/div><\/td><td><div class=\"row fontSize16 fontBold fontColorAe92 one-stars-number-small rating\"><p><span style=\"color: #999999;\">4.5 \/ 5<\/span><\/p><div class=\"row one-stars-star-small\">\u00a0<\/div><\/div><\/td><\/tr><tr><td class=\"fontSize12 fontColor9c\"><span style=\"color: #2462bf;\"><a style=\"color: #2462bf;\" href=\"https:\/\/pl-pl.facebook.com\/pages\/category\/History-Museum\/Muzeum-Miniaturowej-Sztuki-Profesjonalnej-Henryk-Jan-Dominiak-180012678862739\/\">facebook<\/a><\/span><\/td><td class=\"fontSize12 fontBold fontColor9c\"><div class=\"count-rating\"><span style=\"color: #999999;\">12<\/span><\/div><\/td><td><div class=\"row fontSize16 fontBold fontColorAe92 one-stars-number-small rating\"><p><span style=\"color: #999999;\">4.7 \/ 5<\/span><\/p><div class=\"row one-stars-star-small\">\u00a0<\/div><\/div><\/td><\/tr><tr><td class=\"fontSize12 fontColor9c\"><span style=\"color: #2462bf;\"><a style=\"color: #2462bf;\" href=\"https:\/\/www.opendi.pl\/tychy\/649525.html\">opendi<\/a><\/span><\/td><td class=\"fontSize12 fontBold fontColor9c\"><div class=\"count-rating\"><span style=\"color: #999999;\">1<\/span><\/div><\/td><td><div class=\"row fontSize16 fontBold fontColorAe92 one-stars-number-small rating\"><p><span style=\"color: #999999;\">5.0 \/ 5<\/span><\/p><div class=\"row one-stars-star-small\">\u00a0<\/div><\/div><\/td><\/tr><tr><td class=\"fontSize12 fontColor9c\"><span style=\"color: #2462bf;\"><a style=\"color: #2462bf;\" href=\"https:\/\/pl.tripadvisor.com\/Attraction_Review-g274790-d19719113-Reviews-Muzeum_Miniaturowej_Sztuki_Profesjonalnej_Henryk_Jan_Dominiak_w_Tychach-Tychy_Si.html\">TripAdvisor<\/a><\/span><\/td><td class=\"fontSize12 fontBold fontColor9c\"><div class=\"count-rating\"><span style=\"color: #999999;\">3<\/span><\/div><\/td><td><div class=\"row fontSize16 fontBold fontColorAe92 one-stars-number-small rating\"><p><span style=\"color: #999999;\">5.0 \/ 5<\/span><\/p><div class=\"row one-stars-star-small\">\u00a0<\/div><\/div><\/td><\/tr><\/tbody><\/table><\/div><\/div><\/div><\/div><p style=\"text-align: left;\"><span style=\"color: #999999;\">Polecamy stron\u0119:<\/span> <span style=\"color: #2462bf;\"><a style=\"color: #2462bf;\" href=\"http:\/\/www.orlyrozrywki.pl\/profile-298975-muzeum-miniaturowej-sztuki-profesjonalnej-henryk-jan-dominiak-w-tychach\/\">Or\u0142y Rozrywki 2019<\/a><\/span> .<\/p><p style=\"text-align: left;\"><span style=\"color: #999999;\">. <\/span><\/p><h4 style=\"text-align: left;\"><span style=\"color: #999999;\">Z\u0142ote OR\u0141Y Rozrywki 2019 2020 nagroda odwiedzaj\u0105cych &#8211; akcesoryjne newsy:<\/span><\/h4><hr \/><p style=\"text-align: left;\"><span style=\"color: #999999;\">ORZE\u0141, okre\u015blenie 2 odmian sta\u0142ocieplnych zwierz\u0105t z podtypu kr\u0119gowc\u00f3w z kategorii Aquila (do kt\u00f3rego zalicza si\u0119 te\u017c orliki) oraz 1 gatunku z typu <span class=\"notranslate\">Hieraa\u00ebtus<\/span> &#8211; przypisanego do rodziny soko\u0142\u00f3w. S\u0105 to mo\u017cliwe z najwi\u0119kszych ptak\u00f3w drapie\u017cnych, o bardzo silnym, ostrym, zakrzywionym w d\u00f3\u0142 dziobie i nogach upierzonych a\u017c po palce, zako\u0144czonych ostrymi szponami. L\u0119gowisko urz\u0105dzaj\u0105 na niedost\u0119pnych ska\u0142ach lub w koronach wysokich drzew (stare gniazdo osi\u0105ga 2 m \u015brednicy). Sk\u0142adaj\u0105 1-3 jaj, z kt\u00f3rych po 5 tygodniach wykluwaj\u0105 si\u0119 piskl\u0119ta.<\/span><\/p><p style=\"text-align: left;\"><span style=\"color: #999999;\"><span style=\"text-decoration: underline;\">Orze\u0142 cesarski<\/span>, A. heliaca, d\u0142. 70-80 cm, rozpi\u0119to\u015b\u0107 skrzyde\u0142 180-200 cm. Upierzenie brunatne, z wierzchu ciemniejsze, od spodu ja\u015bniejsze. \u017bywi si\u0119 ssakami ma\u0142ymi i \u015bredniej wielko\u015bci, ponadto drobnymi ptakami, padlin\u0105. Nagromadza si\u0119 na drzewach. Stacjonuje otwarte, skromnie zadrzewione r\u00f3wniny i stepy Europy Po\u0142udniowo-Wschodniej, Po\u0142udniowo-Zachodnia i \u015arodowej. Azji. Do Kraju nad Wis\u0142\u0105 zalatuje niezmiernie rzadko.<\/span><\/p><p style=\"text-align: left;\"><span style=\"color: #999999;\"><span style=\"text-decoration: underline;\">Orze\u0142 przedni<\/span>, czyli zys, A. chrysa\u00ebtos, d\u0142. 80 cm, roz\u0142o\u017cysto\u015b\u0107 skrzyde\u0142 ok. 2 m. Upierzenie rdzawobrunatne. Po\u017cywienie stanowi\u0105 \u015bredniej wielko\u015bci ssaki (zaj\u0105ce, \u015bwistaki), kuraki le\u015bne, padlina. Rezydencj\u0119 zak\u0142ada na szczycie wysokopiennego drzewa lub na skale. Zamieszkiwa\u0142 niegdy\u015b lasy ni\u017cowe, obecnie wyst\u0119puje w g\u00f3rach o charakterze alpejskim &#8211; w Europie, Afryki P\u00f3\u0142nocnej, pn. i \u015brodk. Azji, Ameryce Pn.. W pa\u0144stwie unitarnym w Europie \u015arodkowej gnie\u017adzi si\u0119 w Karpatach i na Mazurach. Ze wzgl\u0119du na wspania\u0142\u0105 posta\u0107 z gatunkiem tym wi\u0105\u017c\u0105 si\u0119 r\u00f3\u017cne legendy, ba\u015bnie i historyjki narodowe. Uzyska\u0142 wa\u017cno\u015b\u0107 jako motyw znak\u00f3w<\/span> <span style=\"color: #2462bf;\"><a style=\"color: #2462bf;\" href=\"http:\/\/muzeumminiaturowejsztukiprofesjonalnejhenrykjandominiak.eu\/wp\/herb-komunalne-wyrozniki-rozpoznawcze-organizmow-terytorialnych\/\">herbowych<\/a><\/span> <span style=\"color: #999999;\">rod\u00f3w szlacheckich, rycerskich i pa\u0144stw. Jest cz\u0119sto odtwarzany w sztuce.<\/span><\/p><p style=\"text-align: left;\"><span style=\"color: #999999;\"><span style=\"text-decoration: underline;\">Orze\u0142 w\u0142ochaty<\/span>, H. pennatus, d\u0142. cia\u0142a 50-60 cm, area\u0142 skrzyde\u0142 w przybli\u017ceniu 130 cm. Upierzony podobnie jak gatunek poprzedni. Opr\u00f3cz drobnych ssak\u00f3w i ptak\u00f3w zjada te\u017c gady i wi\u0119ksze owady. Miejsce zamieszkania buduje na pniach przestronnych. Zamieszkuje li\u015bciaste i mieszane lasy na ni\u017cu i podg\u00f3rzu pd. Europy, pn. Afryki i pd.-zach. Azji. W Polsce pojawia si\u0119 sporadycznie na przelotach.<\/span><\/p><p style=\"text-align: left;\"><span style=\"color: #999999;\">Or\u0142y s\u0105 w kraju po\u0142o\u017conym mi\u0119dzy Morzem Ba\u0142tyckim i Karpatami obj\u0119te ochron\u0105 gatunkow\u0105. <\/span><\/p><p style=\"text-align: left;\"><span style=\"color: #999999;\">.<\/span><\/p><h4 style=\"text-align: left;\"><span style=\"color: #999999;\">Z\u0142ote OR\u0141Y Rozrywki 2019 2020 nagroda odwiedzaj\u0105cych &#8211;<\/span> <span style=\"color: #2462bf;\"><a style=\"color: #2462bf;\" href=\"http:\/\/muzeumminiaturowejsztukiprofesjonalnejhenrykjandominiak.eu\/wp\/heraldyka-analizuje-material-modelowania-herbow\/\">heraldyczne<\/a><\/span> <span style=\"color: #999999;\">uj\u0119cie or\u0142a:<\/span><\/h4><hr \/><p style=\"text-align: left;\"><span style=\"color: #999999;\"><a href=\"http:\/\/muzeumminiaturowejsztukiprofesjonalnejhenrykjandominiak.eu\/wp\/znak-orzel-bialy-sygnalem-kreowania-perfekcyjnej-zjednoczonej-europy\/\"><span style=\"color: #2462bf;\">ORZE\u0141<\/span><\/a>, w herbarzu znak herbowy ca\u0142ego szeregu narod\u00f3w i pa\u0144stw. Czo\u0142owy przedstawiciel bywa jedno- lub dwug\u0142owy, w g\u0142\u00f3wnej mierze ze skrzyd\u0142ami rozci\u0105gni\u0119tymi do lotu, czasami usadowiony. Rozstrzygaj\u0105c\u0105 dysharmoni\u0119 stanowi konfiguracja skrzyde\u0142, ko\u0144cowej cz\u0119\u015bci &#8211; zwanej ogonem, zwrot g\u0142owy, kolor j\u0119zyka, dzioba, szpon\u00f3w, zawarte znaki szczeg\u00f3lne. Maj\u0105c na uwadze tradycje cesarstwa rzymskiego kr\u00f3l ptak\u00f3w (z czasem dwug\u0142owy) by\u0142 identyfikatorem cesarstwa bizantyjskiego. W ko\u0144cu XII w. wy\u0142oni\u0142 si\u0119 na sygnaturach cesarzy niemieckich. Od XIV\/XV w. god\u0142em cesarstwa sta\u0142 si\u0119 przej\u0119ty z Bizancjum orze\u0142 dwug\u0142owy (przyswojony p\u00f3\u017aniej przez Cesarstwo Austrii). God\u0142em kr\u00f3lestwa niemieckiego zosta\u0142 najwi\u0119kszy ptak drapie\u017cny \u015bwiata jednog\u0142owy (orze\u0142 niemiecki przeszed\u0142 w r\u00f3\u017cnych formach do pa\u0144stw Rzeszy Niemieckiej i sta\u0142 si\u0119 god\u0142em utworzonego 1871 cesarstwa niemieckiego). Czarnego or\u0142a dwug\u0142owego zaakceptowa\u0142o w XV w. Wielkie Ksi\u0119stwo Moskiewskie (potocznie pol. Moskwa), w dalszej perspektywie Cesarstwo Rosyjskie. Or\u0142a w herbie posiada\u0142a poza wszystkim Serbia i Jugos\u0142awia, maj\u0105 go USA, Meksyk i r\u00f3\u017cnorodne aparaty pa\u0144stwowe. Orze\u0142 jest god\u0142em pa\u0144stwowym Polski (Polska &#8211; god\u0142o i barwy).<\/span><\/p><p style=\"text-align: left;\"><span style=\"color: #999999;\">. <\/span><\/p><h4 style=\"text-align: left;\"><span style=\"color: #999999;\">Z\u0142ote OR\u0141Y Rozrywki 2019 2020 nagroda odwiedzaj\u0105cych &#8211; historycy zadaj\u0105 sobie pytanie &#8211; jaki ptak jest na godle Polski &#8211; czy jest nim orze\u0142 bia\u0142y czy te\u017c bielik?<\/span><\/h4><hr \/><p style=\"text-align: left;\"><span style=\"color: #999999;\">Bielik, birkut, to ptak z ci\u0105gu przodk\u00f3w i potomk\u00f3w soko\u0142\u00f3w. Szczytowy z og\u00f3lnonarodowych ptaszyde\u0142 drapie\u017cnych. Gabarytem si\u0119ga w granicach 1 m, rozpi\u0119to\u015b\u0107 skrzyde\u0142 orientacyjnie 2,5 m. Jego okaza\u0142o\u015b\u0107 cechuje si\u0119 p\u0142owym upierzeniem, ogonem bia\u0142ym i skokiem nieopierzonym. Decyduj\u0105cym posi\u0142kiem s\u0105 ryby wyszczeg\u00f3lniane zw\u0142aszcza: szczupak pospolity (Morze Ba\u0142tyckie, Laponia szwedzka, Finlandia, Niemcy i Bia\u0142orusi). Kolejnym smako\u0142ykiem jest leszcz (Poleski Pa\u0144stwowy Rezerwat Radiacyjno-Ekologiczny, rosyjska cz\u0119\u015b\u0107 Uralu), golec zwyczajny (Grenlandia), z\u0119bacz pasiasty i tasza czyli zaj\u0105c morski (Norwegia). Rarytasem dla tego mo\u017cnow\u0142adcy sklepienia niebieskiego jest karp i kara\u015b srebrzysty (z delty Dunaju), mintaj (Hokkaido). Poza tym padlina (szczeni\u0119ta fok, resztki pad\u0142ych kopytnych: \u0142o\u015b, \u017cubr, dzik). Delikatesem s\u0105 zwierz\u0119ta oznaczaj\u0105ce si\u0119 zazwyczaj obecno\u015bci\u0105 gruczo\u0142\u00f3w mlekowych u samic (kr\u00f3lik europejski, lis rudy i polarny, \u0142asica pospolita, wizon ameryka\u0144ski, owca, koza). Ustokrotnieniem piramidy \u017cywno\u015bciowej s\u0105 ptaki wodne (czapla siwa, gr\u0105\u017cyce, edredon zwyczajny, nur, perkoz, kaczka w\u0142a\u015bciwa, chru\u015bciel, biegus malutki, \u0142\u0119czak i nawet bocian). W zakresie dope\u0142nienia menu wchodzi w sk\u0142ad: ropucha, \u017cabka, jaszczurka, salamandra, padalec, zaskroniec, \u017cmija, \u015blimak, ma\u0142\u017c, wa\u017cka, biedronka itp. Zamieszkuje obszary lesiste w pobli\u017cu w\u00f3d, pierwszoplanowo septentrionalnej i umiarkowanej strefy Eurazji. Waletuje na wysokich drzewach, sk\u0142ada zaledwie 1-2 jaja. W Polsce w\u0142adca polskiego nieba kokosi si\u0119 na Mazurach i zachodnim Pomorzu. Rasa w charakterze unikalnej, obj\u0119ta ochron\u0105 gatunkow\u0105. Globalnie rozeznaje si\u0119 pokrewne grupy. Bielik bia\u0142og\u0142owy mieszkaniec Ameryki P\u00f3\u0142nocnej, bielik krzykliwy gospodarz Afryki i osi\u0105gaj\u0105cy maksimum, bielik pelagiczny zamieszkuj\u0105cy Syberi\u0119 Wschodni\u0105, Kamczatk\u0119, Kore\u0119 i Chiny. <\/span><\/p><p style=\"text-align: left;\"><span style=\"color: #999999;\">.<\/span><\/p><p style=\"text-align: left;\"><span style=\"color: #999999;\">Szlachta z or\u0142em: Kromer, Orla, Sulima (Sulimita, Opor\u00f3w), Kantakuzen, Fontana, Fornalski.<\/span><\/p><p style=\"text-align: left;\"><span style=\"color: #999999;\">.<\/span><\/p><h4 style=\"text-align: left;\"><span style=\"color: #999999;\">Z\u0142ote OR\u0141Y Rozrywki 2019 2020 nagroda odwiedzaj\u0105cych &#8211; symbolika miejska, powiatowa i wojew\u00f3dzka:<\/span><\/h4><hr \/><p style=\"text-align: left;\"><span style=\"color: #999999;\">Miasto polskie:<\/span><\/p><p style=\"text-align: left;\"><span style=\"color: #999999;\">Bia\u0142ystok, Bielsko-Bia\u0142a, Bogatynia, Boles\u0142awiec, Bytom.<\/span><\/p><p style=\"text-align: left;\"><span style=\"color: #999999;\">Chojn\u00f3w, Chorz\u00f3w, Choszczno, Chrzan\u00f3w, <span style=\"color: #2462bf;\"><a style=\"color: #2462bf;\" href=\"http:\/\/muzeumminiaturowejsztukiprofesjonalnejhenrykjandominiak.eu\/wp\/her15-cieszyn-mury-z-basztami-rzeka-olza-gmerk-ksiestwa-cieszynskiego\/\">Cieszyn<\/a><\/span>, Czechowice-Dziedzice, Czerwionka-Leszczyny.<\/span><\/p><p style=\"text-align: left;\"><span style=\"color: #999999;\">D\u0105browa G\u00f3rnicza, D\u0119blin.<\/span><\/p><p style=\"text-align: left;\"><span style=\"color: #999999;\"><span style=\"color: #2462bf;\"><a style=\"color: #2462bf;\" href=\"http:\/\/muzeumminiaturowejsztukiprofesjonalnejhenrykjandominiak.eu\/wp\/her35-gliwice-zakorzeniony-parametr-wielkomiejski-aktualny-od-pazdziernika-mcmlxiv\/\">Gliwice<\/a><\/span>, G\u0142og\u00f3w, <span style=\"color: #2462bf;\"><a style=\"color: #2462bf;\" href=\"http:\/\/muzeumminiaturowejsztukiprofesjonalnejhenrykjandominiak.eu\/wp\/her59-gniezno-motyw-przewodni-dobrem-osobistym-urbanizacji\/\">Gniezno<\/a><\/span>, Go\u0142dap, Gorz\u00f3w Wielkopolski.<\/span><\/p><p style=\"text-align: left;\"><span style=\"color: #999999;\">Inowroc\u0142aw.<\/span><\/p><p style=\"text-align: left;\"><span style=\"color: #999999;\">Jelcz-Laskowice.<\/span><\/p><p style=\"text-align: left;\"><span style=\"color: #999999;\">Kcynia, K\u0119ty, Knur\u00f3w, Kostrzyn nad Odr\u0105, Koszalin, Krak\u00f3w, Krapkowice, Krosno, Krosno Odrza\u0144skie.<\/span><\/p><p style=\"text-align: left;\"><span style=\"color: #999999;\">Legion\u00f3w, Leszno, Libi\u0105\u017c, Lubin, Lubliniec, Lubo\u0144.<\/span><\/p><p style=\"text-align: left;\"><span style=\"color: #999999;\">Myszk\u00f3w.<\/span><\/p><p style=\"text-align: left;\"><span style=\"color: #999999;\">Namys\u0142\u00f3w, Nowa S\u00f3l.<\/span><\/p><p style=\"text-align: left;\"><span style=\"color: #999999;\">Oborniki, Olecko, Ole\u015bnica, Opole, Ostro\u0142\u0119ka, Ostrzesz\u00f3w, O\u015bwi\u0119cim, Otwock.<\/span><\/p><p style=\"text-align: left;\"><span style=\"color: #999999;\">Piotrk\u00f3w Trybunalski, Police, Pozna\u0144, Prudnik, Pszczyna. Racib\u00f3rz, Ruda \u015al\u0105ska, Rypin.<\/span><\/p><p style=\"text-align: left;\"><span style=\"color: #999999;\">Sandomierz, Sanok, Sieradz, Skocz\u00f3w, Strzelce Opolskie, Sulech\u00f3w, Sulej\u00f3wek, \u015aroda Wielkopolska, \u015awidwin, \u015awiebodzin, \u015awi\u0119toch\u0142owice.<\/span><\/p><p style=\"text-align: left;\"><span style=\"color: #999999;\"><span style=\"color: #2462bf;\"><a style=\"color: #2462bf;\" href=\"http:\/\/muzeumminiaturowejsztukiprofesjonalnejhenrykjandominiak.eu\/wp\/her51-tarnowskie-gory-tradycja-nadana-25-lipca-1562-pismem-hohenzollerna\/\">Tarnowskie G\u00f3ry<\/a><\/span>.<\/span><\/p><p style=\"text-align: left;\"><span style=\"color: #999999;\">Wadowice, Wodzis\u0142aw \u015al\u0105ski, Wo\u0142omin, Wroc\u0142aw.<\/span><\/p><p style=\"text-align: left;\"><span style=\"color: #999999;\">Z\u0105bki, Z\u0105bkowice \u015al\u0105skie, Zgierz, Zgorzelec, Zielona G\u00f3ra, Zielonka, Z\u0142otoryja,<\/span><\/p><p style=\"text-align: left;\"><span style=\"color: #999999;\">\u017baga\u0144, \u017bory, \u017bywiec.<\/span><\/p><p style=\"text-align: left;\"><span style=\"color: #999999;\">Miasto du\u0144skie: Roskilde.<\/span><\/p><p style=\"text-align: left;\"><span style=\"color: #999999;\">Powiat: moniecki.<\/span><\/p><p style=\"text-align: left;\"><span style=\"color: #999999;\">Wojew\u00f3dztwo:<\/span> <span style=\"color: #2462bf;\"><a style=\"color: #2462bf;\" href=\"http:\/\/muzeumminiaturowejsztukiprofesjonalnejhenrykjandominiak.eu\/wp\/dolnoslaskie-z-rezydencja-wojewody-bonusowo-sejmiku-w-lonie-wroclawia\/\">dolno\u015bl\u0105skie<\/a><\/span>, <span style=\"color: #2462bf;\"><a style=\"color: #2462bf;\" href=\"http:\/\/muzeumminiaturowejsztukiprofesjonalnejhenrykjandominiak.eu\/wp\/kujawsko-pomorskie-jest-stanem-rzeczy-rankingu-menedzerskiego-kraju-nad-wisla\/\">kujawsko-pomorskie<\/a><\/span>, <span style=\"color: #2462bf;\"><a style=\"color: #2462bf;\" href=\"http:\/\/muzeumminiaturowejsztukiprofesjonalnejhenrykjandominiak.eu\/wp\/lubelskie-reprezentowane-spoleczenstwem-zamieszkujacym-20-powiatow-wschodniej-ojczyzny\/\">lubelskie<\/a><\/span>, <span style=\"color: #999999;\">lubuskie, \u0142\u00f3dzkie,<\/span> <span style=\"color: #2462bf;\"><a style=\"color: #2462bf;\" href=\"http:\/\/muzeumminiaturowejsztukiprofesjonalnejhenrykjandominiak.eu\/wp\/malopolskie-z-prawem-posiadania-w-swoim-herbie-godla-polski\/\">ma\u0142opolskie<\/a><\/span>, <span style=\"color: #2462bf;\"><a style=\"color: #2462bf;\" href=\"http:\/\/muzeumminiaturowejsztukiprofesjonalnejhenrykjandominiak.eu\/wp\/mazowieckie-konstelacja-punktacji-arcywaznej-republiki-parlamentarnej\/\">mazowieckie<\/a><\/span>,<span style=\"color: #999999;\"> opolskie, <span style=\"color: #2462bf;\"><a style=\"color: #2462bf;\" href=\"http:\/\/muzeumminiaturowejsztukiprofesjonalnejhenrykjandominiak.eu\/wp\/spraszamy-oficjeli-uosabiajacych-podkarpackie\/\">podkarpackie<\/a><\/span>, podlaskie,<\/span> <span style=\"color: #2462bf;\"><a style=\"color: #2462bf;\" href=\"http:\/\/muzeumminiaturowejsztukiprofesjonalnejhenrykjandominiak.eu\/wp\/pomorskie-podleglosc-wojewodzie-odszukana-w-nordowej-sekwencji-strony-macierzy-rodzinnej\/\">pomorskie<\/a><\/span>, <span style=\"color: #2462bf;\"><a style=\"color: #2462bf;\" href=\"http:\/\/muzeumminiaturowejsztukiprofesjonalnejhenrykjandominiak.eu\/wp\/slaskie-najwieksza-urbanizacja-na-dodatek-gestosc-zaludnienia\/\">\u015bl\u0105skie<\/a><\/span>, <span style=\"color: #2462bf;\"><a style=\"color: #2462bf;\" href=\"http:\/\/muzeumminiaturowejsztukiprofesjonalnejhenrykjandominiak.eu\/wp\/mile-widzimy-istoty-ujawniajace-swietokrzyskie\/\">\u015bwi\u0119tokrzyskie<\/a><\/span>, <span style=\"color: #999999;\">warmi\u0144sko-mazurskie,<\/span> <span style=\"color: #333399;\"><span style=\"color: #2462bf;\"><a style=\"color: #2462bf;\" href=\"http:\/\/muzeumminiaturowejsztukiprofesjonalnejhenrykjandominiak.eu\/wp\/przestrzen-pod-wielkopolskie-pozostaje-w-konfiguracji-proporcji-standaryzacji-nadrzednej-rp\/\">wielkopolskie<\/a><\/span><span style=\"color: #333333;\">, <span style=\"color: #2462bf;\"><a style=\"color: #2462bf;\" href=\"http:\/\/muzeumminiaturowejsztukiprofesjonalnejhenrykjandominiak.eu\/wp\/namawiamy-osoby-odzwierciedlajace-zachodniopomorskie\/\">zachodniopomorskie<\/a><\/span><\/span><\/span><span style=\"color: #333333;\">.<\/span><\/p><p style=\"text-align: left;\">.<\/p><h4 style=\"text-align: left;\"><span style=\"color: #999999;\">Z\u0142ote OR\u0141Y Rozrywki 2019 2020 nagroda odwiedzaj\u0105cych &#8211;<\/span> <span style=\"color: #2462bf;\"><a style=\"color: #2462bf;\" href=\"http:\/\/muzeumminiaturowejsztukiprofesjonalnejhenrykjandominiak.eu\/wp\/falerystyka-dyscyplina-ponadprogramowa-historii\/\">falerystyka<\/a><\/span> <span style=\"color: #999999;\">z or\u0142em:<\/span><\/h4><hr \/><p style=\"text-align: left;\"><span style=\"color: #999999;\">Orze\u0142 stylizowany bywa cz\u0119sto g\u0142\u00f3wnym elementem odznak orderowych: Order Odrodzenia Polski. Order Virtuti Militari. Krzy\u017c Walecznych. Krzy\u017c Partyzancki. \u015al\u0105ski Krzy\u017c Powsta\u0144czy. Wielkopolski Krzy\u017c Powsta\u0144czy. Medal \u201eZas\u0142u\u017conym na Polu Chwa\u0142y\u201d. Medal \u201eSi\u0142y Zbrojne w S\u0142u\u017cbie Ojczyzny\u201d. Order Or\u0142a Bia\u0142ego (krzy\u017c i wst\u0119ga z 1765). Medal za Ratowanie Gin\u0105cych (1928). Order \u015bw. Stanis\u0142awa (krzy\u017c i wst\u0119ga z 1765). Medal Wojska. Medal Morski Polskiej Marynarki Handlowej.<\/span><\/p><p style=\"text-align: left;\"><span style=\"color: #999999;\">.<\/span><\/p><h4 style=\"text-align: left;\"><span style=\"color: #999999;\">Z\u0142ote OR\u0141Y Rozrywki 2019 2020 nagroda odwiedzaj\u0105cych &#8211; eksponaty muzealne z or\u0142em:<\/span><\/h4><hr \/><p style=\"text-align: left;\"><span style=\"color: #999999;\">1 \u015aL\u0104SKA BRYGADA RAKIETOWA OBRONY POWIETRZNEJ 1 BROP. 1000 LECIE PA\u0143STWA POLSKIEGO OKFJN.<\/span><\/p><p style=\"text-align: left;\"><span style=\"color: #999999;\">200 LAT ORDERU KRZY\u017bA VIRTUTI MILITARI 1992 TWO Ziele\u0144ce 18 VI 1792 P.P. 25 LECIE ABSOLWENT\u00d3W WYDZIA\u0141U LEKARSKIEGO 1946-1951 AM 1976 POZNA\u0143.<\/span><\/p><p style=\"text-align: left;\"><span style=\"color: #999999;\">BUDOWA PARTNERSTWA I SZACUNKU DLA WSP\u00d3LNEGO \u015aWIATA.<\/span><\/p><p style=\"text-align: left;\"><span style=\"color: #999999;\">CSP POLICJA.<\/span><\/p><p style=\"text-align: left;\"><span style=\"color: #999999;\">KATY\u0143\u2026 PAMI\u0118CI POLSKICH OFICER\u00d3W ZAMORDOWANYCH W 1940 R. BCH PTAiN.<\/span><\/p><p style=\"text-align: left;\"><span style=\"color: #999999;\">MARSHAL J\u00d3ZEF PI\u0141SUDSKI.<\/span><\/p><p style=\"text-align: left;\"><span style=\"color: #999999;\">OPERACJA BERLI\u0143SKA 16 IV \u2013 8 V 1945 ZA UDZIA\u0141 W WALKACH O BERLIN 1995 TWO znak MW.<\/span><\/p><p style=\"text-align: left;\"><span style=\"color: #999999;\">POLITECHNIKA \u015aL\u0104SKA.<\/span><\/p><p style=\"text-align: left;\"><span style=\"color: #999999;\">SPWL\u0105d. POZNA\u0143.<\/span><\/p><p style=\"text-align: left;\"><span style=\"color: #999999;\">TOW. MI\u0141O\u015aNIK\u00d3W BYTOMIA, W ROCZNIC\u0118 WYZWOLENIA MIASTA, 1945 \u2013 1970.<\/span><\/p><p style=\"text-align: left;\"><span style=\"color: #999999;\">WIELKIEMU UCZONEMU POLITECHNIKA \u015aL\u0104SKA GLIWICE. W 50 ROCZNIC\u0118 III POWSTANIA \u015aL\u0104SKIEGO 1921-1971 \u015aL\u0104SKI INSTYTUT NAUKOWY W KATOWICACH. W S\u0141U\u017bBIE PARTII I NARODU 1986. WZOROWY \u017bO\u0141NIERZ.<\/span><\/p><p style=\"text-align: left;\"><span style=\"color: #999999;\">ZUCH. Znak Spadochronowy &#8211; 7. ZW. OCHOTNICZYCH STRA\u017bY PO\u017bARNYCH.<\/span><\/p><p style=\"text-align: left;\"><span style=\"color: #999999;\">.<\/span><\/p><h4 style=\"text-align: left;\"><span style=\"color: #999999;\">Z\u0142ote OR\u0141Y Rozrywki 2019 2020 nagroda odwiedzaj\u0105cych &#8211; frazeologia:<\/span><\/h4><hr \/><p style=\"text-align: left;\"><span style=\"color: #999999;\">arcymistrz szachowy, arcymistrz sprzeda\u017cy, arcymistrzowski rynsztunek gryfa. as dla chemika, as przestworzy, as wywiadu, cudowne dziecko. czempion finalista, czempion w sporcie, czo\u0142owy przedstawiciel, czo\u0142owy hiszpa\u0144ski tenisista. czo\u0142owy angielski poeta romantyczny, demon film. demony wojny, demony prerii, fenomen szansa. figura akrobacji lotniczej zwana p\u0119tl\u0105, figura lub pionek w szachach. figura retoryczna, figura geometryczna.<\/span><\/p><p style=\"text-align: left;\"><span style=\"color: #999999;\">.<\/span><\/p><h4 style=\"text-align: left;\"><span style=\"color: #999999;\">Z\u0142ote OR\u0141Y Rozrywki 2019 &#8211; sformu\u0142owanie:<\/span><\/h4><hr \/><p style=\"text-align: left;\"><span style=\"color: #999999;\">geniusz zakl\u0119ty w fotografii, geniusz zbrodni, gwiazda betlejemska kwiat znaczenie. gwiazda polarna widziana z p\u00f3\u0142kuli po\u0142udniowej, indywidualno\u015b\u0107 cz\u0142owieka. koryfeusz muzyki polskiej, kr\u00f3l muzyki. kr\u00f3lowa muzyki disco, luminarze rosyjskiej emigracji. mistrz pami\u0119ci, mocarz etykieta, nestor rodu, osobisto\u015b\u0107 znakomito\u015b\u0107 lata. prominent dozotechnika, prominent zbiorniki, prymus szko\u0142y regulamin, przodownik turystyki g\u00f3rskiej kurs, rekordzista polski w biegu na 400 m przez p\u0142otki.<\/span><\/p><p style=\"text-align: left;\"><span style=\"color: #999999;\">.<\/span><\/p><h4 style=\"text-align: left;\"><span style=\"color: #999999;\">Z\u0142ote OR\u0141Y Rozrywki 2019 &#8211; zamkni\u0119ta my\u015bl:<\/span><\/h4><hr \/><p style=\"text-align: left;\"><span style=\"color: #999999;\">s\u0142awa mapa polski, tuz przedni, tytan mitologia, tytan znaczenie wsp\u00f3\u0142czesne, wedeta zg\u00f3rsko. wielki cz\u0142owiek, wielko\u015b\u0107 nabywanego udzia\u0142u w rzeczy lub w prawie maj\u0105tkowym. wirtuoz wsp\u00f3\u0142czesny polski, znakomito\u015b\u0107 w jakiej\u015b dziedzinie, zwyci\u0119zca eurowizji junior 2019. arbiter elegantiarum, augur plecak, augur kryptowaluta, brzytwa do golenia na \u017cyletki. debe\u015bciak 2020. <\/span><\/p><p style=\"text-align: left;\"><span style=\"color: #999999;\">.<\/span><\/p><h4 style=\"text-align: left;\"><span style=\"color: #999999;\">Idiomatyzm:<\/span><\/h4><hr \/><p style=\"text-align: left;\"><span style=\"color: #999999;\">wa\u017cniak bazy danych. wysoko postawiona osoba, cz\u0142owiek znany. figurant policja, gwiazdka na plebanii, artysta estradowy. bogacz i \u0142azarz, cz\u0142owiek sztuki, gigant na stoku, jegomo\u015b\u0107 sprzed wiek\u00f3w. kreator koszulek pi\u0142karskich, kto\u015b wyj\u0105tkowy, oligarcha w systemie politycznym, osoba wyrazista, osobowo\u015b\u0107 prawna a zdolno\u015b\u0107 prawna. osobowo\u015b\u0107 tw\u00f3rcza, posta\u0107 trygonometryczna liczby zespolonej. senior wigor, tw\u00f3rca nawi\u0105zuj\u0105cy do antyku, wa\u017cna osoba.<br \/><\/span><\/p><p style=\"text-align: left;\"><span style=\"color: #999999;\">.<\/span><\/p><h4 style=\"text-align: left;\"><span style=\"color: #999999;\">Z\u0142ote OR\u0141Y Rozrywki 2019 2020 nagroda odwiedzaj\u0105cych wyra\u017cenie j\u0119zykowe:<\/span><\/h4><hr \/><p style=\"text-align: left;\"><span style=\"color: #999999;\">norma cukru po jedzeniu, przyk\u0142ad przem\u00f3wienia, regu\u0142a markownikowa alkohole. wskazanie przepis\u00f3w prawa w oparciu o kt\u00f3re dokonano okre\u015blenia obszaru oddzia\u0142ywania obiektu. wskaz\u00f3wka minutowa zegara jest dwukrotnie d\u0142u\u017csza od godzinowej, wytyczna dzia\u0142ania. wzorzec jednostki miary. wz\u00f3r doskona\u0142o\u015bci. zalecenie komisji z dnia 6 maja 2003 r. dotycz\u0105ce definicji przedsi\u0119biorstw mikro ma\u0142ych i \u015brednich. zasada zachowania energii. <\/span><\/p><p style=\"text-align: left;\"><span style=\"color: #999999;\">.<\/span><\/p><h4 style=\"text-align: left;\"><span style=\"color: #999999;\">Inne znaczenie nazwy:<\/span><\/h4><hr \/><p style=\"text-align: left;\"><span style=\"color: #999999;\">\u201eORZE\u0141\u201d, nieimportowany okr\u0119t g\u0142\u0119binowy. Zmontowany w Holandii, 1939 wszed\u0142 w struktur\u0119 wewn\u0105trzpa\u0144stwowej marynarki wojennej. W pierwszym okresie kampanii wrze\u015bniowej dzia\u0142a\u0142 w Zatoce Gda\u0144skiej, z kolei po zawini\u0119ciu do niezaanga\u017cowanego portu Tallinn by\u0142 tam uwi\u0119ziony. Po zuchwa\u0142ej ucieczce (17\/18 IX) z portu, \u201eOrze\u0142\u201d, kt\u00f3rym od tego czasu dowodzi\u0142 kpt. marynarki Jan Grudzi\u0144ski (1907-40), przedosta\u0142 si\u0119 przez cie\u015bniny du\u0144skie i 14 pa\u017adziernika dotar\u0142 do Anglii. Od momentu grudnia 1939 funkcjonowa\u0142 z baz brytyjskich, posiadaj\u0105c udzia\u0142 w monitoringu na Morzu P\u00f3\u0142nocnym. 8 IV 1940 pogr\u0105\u017cy\u0142 niemiecki transportowiec \u201eRio de Janeiro&#8221;, na kt\u00f3rego pok\u0142adzie przebywa\u0142y oddzia\u0142y alokowane do desantu w Norwegii. 8 VI 1940 zatracony wraz z generalnym personelem (54 marynarzy) w czasie inspekcji w sektorze wyspy Helgoland.<\/span><\/p><p style=\"text-align: left;\"><span style=\"color: #999999;\">. <\/span><\/p><p style=\"text-align: left;\"><span style=\"color: #999999;\">Archeopteryks [gr. archa\u00edos &#8211; dawny, pt\u00e9ryx &#8211; skrzyd\u0142o], praptak, przedhistoryczny kopalny ptak z g\u00f3rnej jury. Nale\u017cycie zabezpieczone, niemal\u017ce stuprocentowe szkielety z odciskami pi\u00f3r trzech rzadko\u015bci, w drugiej kolejno\u015bci indywidualnie odgniotek jednokrotnej ster\u00f3wki ujawniono w wapieniu litograficznym w Bawarii. Analogiczne naznaczenie lotki wykryto tak\u017ce w Hiszpanii. W najwi\u0119kszym stopniu niepodwa\u017calny <span style=\"color: #2462bf;\"><a style=\"color: #2462bf;\" href=\"http:\/\/muzeumminiaturowejsztukiprofesjonalnejhenrykjandominiak.eu\/wp\/okaz-przedmiot-jednostkowy-bialym-krukiem\/\">okaz<\/a><\/span> (wykryty 1877 w Blumenberg, <span style=\"color: #2462bf;\"><a style=\"color: #2462bf;\" href=\"http:\/\/muzeumminiaturowejsztukiprofesjonalnejhenrykjandominiak.eu\/wp\/kolekcja-przedmiotem-funkcjonowania\/\">kolekcjonowany<\/a><\/span> w Berlinie) definiowany by\u0142 jako archeornis, Archaeornis ssiemensi. Mimo tego antagonizmy w budowie w zestawieniu z niezmiernie wa\u017cnym reprezentantem, wiadomym jako Archaeopteryx macrura (odkryty 1861 w Solnhofen, przechowywany w British Museum w Londynie), a trzecim Archaeopteryx lithographica, s\u0105 powi\u0105zane raptem z wszelkim ich wiekiem. Je\u017celi chodzi o trzeciego, to poznano go 1956, 250 km od Solnhofen i przechowywany jest na uniwersytecie w Erlangen (miasto na prawach powiatu w Niemczech). <\/span><\/p><p style=\"text-align: left;\"><span style=\"color: #999999;\">. <\/span><\/p><p style=\"text-align: left;\"><span style=\"color: #999999;\">Archaeopteryks cechowa\u0142 si\u0119 rozmiarem go\u0142\u0119bia. <span style=\"color: #2462bf;\"><a style=\"color: #2462bf;\" href=\"http:\/\/muzeumminiaturowejsztukiprofesjonalnejhenrykjandominiak.eu\/wp\/rysunek-wszechobejmujacym-ukladem-kresek-na-uwidocznionej-powierzchni\/\">Rysowa\u0142<\/a><\/span> si\u0119 w\u0142a\u015bciwo\u015bciami bezceremonialnie ptasimi (wyst\u0119powanie pi\u00f3r). W ka\u017cdym razie kuriozalnie pierzasto uporz\u0105dkowanych w ogonie. Akcentowa\u0142 si\u0119 przednimi ko\u0144czynami zaadaptowanymi w skrzyd\u0142a, przeciwstawnym pierwszym palcem ko\u0144czyn tylnych i by\u0107 mo\u017ce wyr\u00f3\u017cnia\u0142 si\u0119 ko\u015b\u0107mi spneumatyzowanymi. Ko\u015bci \u015br\u00f3dstopia i st\u0119pu zro\u015bni\u0119te. Dysponowa\u0142 parametrem niesprecyzowanym ptaszyskom, a w znacznym stopniu faktycznymi u gad\u00f3w. Oznak\u0105 tych w\u0142a\u015bciwo\u015bci s\u0105: <\/span><\/p><p style=\"text-align: left;\"><span style=\"color: #999999;\">a) Wyposa\u017cone w mocne pazury, ko\u015bci \u015br\u00f3dr\u0119cza i nadgarstka nie s\u0105 zro\u015bni\u0119te. <\/span><\/p><p style=\"text-align: left;\"><span style=\"color: #999999;\">b) Zatrzymane na przednich ko\u0144czynach 3 wolne palce, o liczbie cz\u0142on\u00f3w charakterystycznej gadom. <\/span><\/p><p style=\"text-align: left;\"><span style=\"color: #999999;\">c) Niedostatek grzebienia na mostku. <\/span><\/p><p style=\"text-align: left;\"><span style=\"color: #999999;\">d) Ogon z 20-21 dwuwkl\u0119s\u0142ych kr\u0119g\u00f3w. <\/span><\/p><p style=\"text-align: left;\"><span style=\"color: #999999;\">e) Kiepsko po\u0142\u0105czone kr\u0119gi krzy\u017cowe. <\/span><\/p><p style=\"text-align: left;\"><span style=\"color: #999999;\">f) Czaszka por\u00f3wnywalna jak u tekodont\u00f3w. <\/span><\/p><p style=\"text-align: left;\"><span style=\"color: #999999;\">g) Szcz\u0119ki uz\u0119bione. <\/span><\/p><p style=\"text-align: left;\"><span style=\"color: #999999;\">Tego rodzaju konsolidacja wyr\u00f3\u017cnik\u00f3w daje dow\u00f3d pochodzenia ptak\u00f3w od gad\u00f3w. Archaeopteryks hipotetycznie wchodzi\u0142 na drzewa, a obdzielony byle jak\u0105 umiej\u0119tno\u015bci\u0105 lotu, aran\u017cowa\u0142 w\u0142a\u015bciwie lewitacj\u0119 \u015blizgow\u0105. <\/span><\/p><p style=\"text-align: left;\"><span style=\"color: #999999;\">. <\/span><\/p><h4 style=\"text-align: left;\"><span style=\"color: #999999;\">Miasta, miejscowo\u015bci polskie z ulicami orlimi: <\/span><\/h4><hr \/><p style=\"text-align: left;\"><span style=\"color: #999999;\">1). Ulica Orla w mie\u015bcie: Katowice, Ko\u0142obrzeg, <\/span><span style=\"color: #999999;\">Kwidzyn, Lublin, \u0141\u00f3d\u017a, Mielec, Mi\u0119dzyzdroje, Pabianice, Pni\u00f3wek, Pozna\u0144. R\u00f3wnie\u017c: S\u0142upsk, Sosnowiec, Sulej\u00f3wek, Tychy, Warszawa (\u015ar\u00f3dmie\u015bcie), Z\u0105bki, \u017bory. <\/span><\/p><p style=\"text-align: left;\"><span style=\"color: #999999;\">. <\/span><\/p><p style=\"text-align: left;\"><span style=\"color: #999999;\">2). Ulica Orl\u0105t Lwowskich w aglomeracji miejskiej: Gorz\u00f3w Wielkopolski, Kielce, Koszalin, Opole, Radom, S\u0142upsk, Sosnowiec, Warszawa. <\/span><\/p><p style=\"text-align: left;\"><span style=\"color: #999999;\">. <\/span><\/p><p style=\"text-align: left;\"><span style=\"color: #999999;\">3). <a href=\"http:\/\/muzeumminiaturowejsztukiprofesjonalnejhenrykjandominiak.eu\/wp\/2020\/04\/11\/ul\/\"><span style=\"color: #2462bf;\">Ulica<\/span><\/a> Orlich Gniazd w urbanizacji: Giebu\u0142t\u00f3w, Gr\u0119bynice, Krak\u00f3w Osiedle Pr\u0105dnik Bia\u0142y, Warszawa, Zr\u0119bice. <\/span><\/p><p style=\"text-align: left;\"><span style=\"color: #999999;\">. <\/span><\/p><p style=\"text-align: left;\"><span style=\"color: #999999;\">4). Ul. Or\u0142\u00f3w Piastowskich w cywilizacji: Warszawa. <\/span><\/p><p style=\"text-align: left;\"><span style=\"color: #999999;\">. <\/span><\/p><p style=\"text-align: left;\"><span style=\"color: #999999;\">5). Ulica Srebrnych Or\u0142\u00f3w w metropolii: Krak\u00f3w, Mistrzejowice. <\/span><\/p><p style=\"text-align: left;\"><span style=\"color: #999999;\">. <\/span><\/p><p style=\"text-align: left;\"><span style=\"color: #999999;\">6). Ulica Or\u0142\u00f3w w betonowej d\u017cungli: Gliwice, Or\u0142\u00f3w gmina Jastrz\u0105b. <\/span><\/p><p style=\"text-align: left;\"><span style=\"color: #999999;\">. <\/span><\/p><p style=\"text-align: left;\"><span style=\"color: #999999;\">7). Ulica Or\u0142a Bia\u0142ego w zespole miejskim: Borne Sulinowo, Henryszew, Izabelin, Jaworzno, Kostrzyn nad Odr\u0105, Krak\u00f3w, Latchorzew, Mielno, Mys\u0142owice, Pozna\u0144. <\/span><\/p><p style=\"text-align: left;\"><span style=\"color: #999999;\">. <\/span><\/p><p style=\"text-align: left;\"><span style=\"color: #999999;\">Szlak Orlich Gniazd &#8211; integruje Krak\u00f3w z Cz\u0119stochow\u0105. <\/span><\/p><p style=\"text-align: left;\"><span style=\"color: #999999;\">. <\/span><\/p><h4 style=\"text-align: left;\"><span style=\"color: #999999;\">Z\u0142ote OR\u0141Y Rozrywki 2019 2020 nagroda odwiedzaj\u0105cych &#8211; kategoria: <\/span><\/h4><hr \/><p style=\"text-align: left;\"><span style=\"color: #999999;\"><span class=\"wpseo-score-text\">1847, 1901, 1921. 1923. 1938. 1970. 1987<\/span>. <span class=\"wpseo-score-text\">2093. 2100. 2221. 2230. 2234. 2241. 2299, 2309. 2345. 2364. 2394. 2392. 2394. 2389. 2359. <span style=\"color: #2462bf;\"><a style=\"color: #2462bf;\" href=\"http:\/\/muzeumminiaturowejsztukiprofesjonalnejhenrykjandominiak.eu\/wp\/category\/6-maja-2003\/\" rel=\"category tag\">6 maja 2003<\/a><\/span>. <span style=\"color: #2462bf;\"><a style=\"color: #2462bf;\" href=\"http:\/\/muzeumminiaturowejsztukiprofesjonalnejhenrykjandominiak.eu\/wp\/category\/8-czerwca-1940\/\" rel=\"category tag\">8 czerwca 1940<\/a><\/span>. <span style=\"color: #2462bf;\"><a style=\"color: #2462bf;\" href=\"http:\/\/muzeumminiaturowejsztukiprofesjonalnejhenrykjandominiak.eu\/wp\/category\/8-kwietnia-1940\/\" rel=\"category tag\">8 kwietnia 1940<\/a><\/span>. <span style=\"color: #2462bf;\"><a style=\"color: #2462bf;\" href=\"http:\/\/muzeumminiaturowejsztukiprofesjonalnejhenrykjandominiak.eu\/wp\/category\/8-kwietnia-2020\/\" rel=\"category tag\">8 kwietnia 2020<\/a><\/span>. <span style=\"color: #2462bf;\"><a style=\"color: #2462bf;\" href=\"http:\/\/muzeumminiaturowejsztukiprofesjonalnejhenrykjandominiak.eu\/wp\/category\/aktualne-wydarzenia\/\" rel=\"category tag\">Aktualne wydarzenia<\/a><\/span>. <span style=\"color: #2462bf;\"><a style=\"color: #2462bf;\" href=\"http:\/\/muzeumminiaturowejsztukiprofesjonalnejhenrykjandominiak.eu\/wp\/category\/audiencje-europejskiej-placowki-muzealnej\/\" rel=\"category tag\">Audiencje europejskiej plac\u00f3wki muzealnej<\/a><\/span>. <span style=\"color: #2462bf;\"><a style=\"color: #2462bf;\" href=\"http:\/\/muzeumminiaturowejsztukiprofesjonalnejhenrykjandominiak.eu\/wp\/category\/ix-wiek\/\" rel=\"category tag\">IX wiek<\/a><\/span>. <span style=\"color: #2462bf;\"><a style=\"color: #2462bf;\" href=\"http:\/\/muzeumminiaturowejsztukiprofesjonalnejhenrykjandominiak.eu\/wp\/category\/mcmlxviii-rok-1968\/\" rel=\"category tag\">MCMLXVIII rok 1968<\/a><\/span>. <span style=\"color: #2462bf;\"><a style=\"color: #2462bf;\" href=\"http:\/\/muzeumminiaturowejsztukiprofesjonalnejhenrykjandominiak.eu\/wp\/category\/mcmvii-rok-1907\/\" rel=\"category tag\">MCMVII rok 1907<\/a><\/span>. <span style=\"color: #2462bf;\"><a style=\"color: #2462bf;\" href=\"http:\/\/muzeumminiaturowejsztukiprofesjonalnejhenrykjandominiak.eu\/wp\/category\/mcmxlv-rok-1945\/\" rel=\"category tag\">MCMXLV rok 1945<\/a><\/span>. <span style=\"color: #2462bf;\"><a style=\"color: #2462bf;\" href=\"http:\/\/muzeumminiaturowejsztukiprofesjonalnejhenrykjandominiak.eu\/wp\/category\/mcmxxxix-rok-1939\/\" rel=\"category tag\">MCMXXXIX rok 1939<\/a><\/span>. <span style=\"color: #2462bf;\"><a style=\"color: #2462bf;\" href=\"http:\/\/muzeumminiaturowejsztukiprofesjonalnejhenrykjandominiak.eu\/wp\/category\/mdccclxxvii-rok-1877\/\" rel=\"category tag\">MDCCCLXXVII rok 1877<\/a><\/span>. <span style=\"color: #2462bf;\"><a style=\"color: #2462bf;\" href=\"http:\/\/muzeumminiaturowejsztukiprofesjonalnejhenrykjandominiak.eu\/wp\/category\/mmxix-rok-2019\/\" rel=\"category tag\">MMXIX rok 2019<\/a><\/span>. <span style=\"color: #2462bf;\"><a style=\"color: #2462bf;\" href=\"http:\/\/muzeumminiaturowejsztukiprofesjonalnejhenrykjandominiak.eu\/wp\/category\/mmxx-rok-2020\/\" rel=\"category tag\">MMXX rok 2020<\/a><\/span>. <span style=\"color: #2462bf;\"><a style=\"color: #2462bf;\" href=\"http:\/\/muzeumminiaturowejsztukiprofesjonalnejhenrykjandominiak.eu\/wp\/category\/najnowsze-informacje\/\" rel=\"category tag\">Najnowsze informacje<\/a><\/span>. <span style=\"color: #2462bf;\"><a style=\"color: #2462bf;\" href=\"http:\/\/muzeumminiaturowejsztukiprofesjonalnejhenrykjandominiak.eu\/wp\/category\/narada-gosci\/\" rel=\"category tag\">narada go\u015bci<\/a><\/span>. <span style=\"color: #2462bf;\"><a style=\"color: #2462bf;\" href=\"http:\/\/muzeumminiaturowejsztukiprofesjonalnejhenrykjandominiak.eu\/wp\/category\/plebiscyt-branzowy\/\" rel=\"category tag\">Plebiscyt bran\u017cowy<\/a><\/span>. <span style=\"color: #2462bf;\"><a style=\"color: #2462bf;\" href=\"http:\/\/muzeumminiaturowejsztukiprofesjonalnejhenrykjandominiak.eu\/wp\/category\/promesa-na-rzecz-iluminacji-o\/\" rel=\"category tag\">Promesa na rzecz iluminacji O<\/a><\/span>. <span style=\"color: #2462bf;\"><a style=\"color: #2462bf;\" href=\"http:\/\/muzeumminiaturowejsztukiprofesjonalnejhenrykjandominiak.eu\/wp\/category\/strefa-wedel\/\" rel=\"category tag\">Strefa Wedel<\/a><\/span>. <span style=\"color: #2462bf;\"><a style=\"color: #2462bf;\" href=\"http:\/\/muzeumminiaturowejsztukiprofesjonalnejhenrykjandominiak.eu\/wp\/category\/udzial-w-konkursach\/\" rel=\"category tag\">Udzia\u0142 w konkursach<\/a><\/span>. <span style=\"color: #2462bf;\"><a style=\"color: #2462bf;\" href=\"http:\/\/muzeumminiaturowejsztukiprofesjonalnejhenrykjandominiak.eu\/wp\/category\/uzyskane-nagrody-i-wyroznienia\/\" rel=\"category tag\">Uzyskane nagrody i wyr\u00f3\u017cnienia<\/a><\/span>. <span style=\"color: #2462bf;\"><a style=\"color: #2462bf;\" href=\"http:\/\/muzeumminiaturowejsztukiprofesjonalnejhenrykjandominiak.eu\/wp\/category\/zwiedzanie-domu-muz\/\" rel=\"category tag\">Zwiedzanie domu muz<\/a><\/span><\/span>. <\/span><\/p><p style=\"text-align: left;\"><span style=\"color: #999999;\">. <\/span><\/p><p style=\"text-align: left;\"><span style=\"color: #999999;\"><a href=\"http:\/\/muzeumminiaturowejsztukiprofesjonalnejhenrykjandominiak.eu\/wp\/wp-content\/uploads\/2020\/01\/Wedel-Tuczy\u0144ski-herb-szlachecki-pochodzenia-niemieckiego-stosowany-na-pomorzu-od-1303-r.-autor-Henryk-Jan-Dominiak-2020.png\"><img loading=\"lazy\" class=\"aligncenter wp-image-7269 size-medium\" src=\"http:\/\/muzeumminiaturowejsztukiprofesjonalnejhenrykjandominiak.eu\/wp\/wp-content\/uploads\/2020\/01\/Wedel-Tuczy\u0144ski-herb-szlachecki-pochodzenia-niemieckiego-stosowany-na-pomorzu-od-1303-r.-autor-Henryk-Jan-Dominiak-2020-146x300.png\" alt=\"Z\u0142ote OR\u0141Y Rozrywki 2019 nagroda odwiedzaj\u0105cych Wedel, Tuczy\u0144ski herb szlachecki pochodzenia niemieckiego stosowany na pomorzu od 1303 r. - autor Henryk Jan Dominiak 2020\" width=\"146\" height=\"300\" srcset=\"https:\/\/muzeumminiaturowejsztukiprofesjonalnejhenrykjandominiak.eu\/wp\/wp-content\/uploads\/2020\/01\/Wedel-Tuczy\u0144ski-herb-szlachecki-pochodzenia-niemieckiego-stosowany-na-pomorzu-od-1303-r.-autor-Henryk-Jan-Dominiak-2020-146x300.png 146w, https:\/\/muzeumminiaturowejsztukiprofesjonalnejhenrykjandominiak.eu\/wp\/wp-content\/uploads\/2020\/01\/Wedel-Tuczy\u0144ski-herb-szlachecki-pochodzenia-niemieckiego-stosowany-na-pomorzu-od-1303-r.-autor-Henryk-Jan-Dominiak-2020-499x1024.png 499w\" sizes=\"(max-width: 146px) 100vw, 146px\" \/><\/a>.<\/span><\/p>\t\t\t\t\t\t<\/div>\n\t\t\t\t<\/div>\n\t\t\t\t\t<\/div>\n\t\t<\/div>\n\t\t\t\t\t\t\t<\/div>\n\t\t<\/section>\n\t\t\t\t\t\t<\/div>\n\t\t\t\t\t<\/div>\n\t\t","protected":false},"excerpt":{"rendered":"<p>Z\u0142ote OR\u0141Y Rozrywki 2019 2020 nagroda odwiedzaj\u0105cych dla Muzeum Miniaturowej Sztuki Profesjonalnej Henryk Jan Dominiak w Tychach Or\u0142y Rozrywki 2019 osi\u0105gni\u0119cie statusu laureata w mie\u015bcie Tychy, a nast\u0119pnie uzyskanie tytu\u0142u &#8222;Z\u0142otych Or\u0142\u00f3w Rozrywki 2019&#8243; w Polsce,&nbsp; Or\u0142y Rozrywki 2020 osi\u0105gni\u0119cie statusu 1 miejsce w mie\u015bcie Tychy Z\u0142ote OR\u0141Y Rozrywki 2019 2020 nagroda odwiedzaj\u0105cych &#8211; na [&hellip;]<\/p>\n","protected":false},"author":1,"featured_media":6642,"parent":0,"menu_order":180,"comment_status":"closed","ping_status":"closed","template":"","meta":[],"yoast_head":"<!-- This site is optimized with the Yoast SEO plugin v18.4.1 - https:\/\/yoast.com\/wordpress\/plugins\/seo\/ -->\n<title>Z\u0142ote OR\u0141Y Rozrywki 2019 2020 nagroda odwiedzaj\u0105cych - Muzeum Miniaturowej Sztuki Profesjonalnej Henryk Jan Dominiak w Tychach.<\/title>\n<meta name=\"description\" content=\"Z\u0142ote OR\u0141Y Rozrywki 2019 2020 nagroda odwiedzaj\u0105cych z bran\u017cy Rozrywki w Polsce dla Muzeum Miniaturowej Sztuki Profesjonalnej Henryk Jan Dominiak w Tychach.\" \/>\n<meta name=\"robots\" content=\"index, follow, max-snippet:-1, max-image-preview:large, max-video-preview:-1\" \/>\n<link rel=\"canonical\" href=\"https:\/\/muzeumminiaturowejsztukiprofesjonalnejhenrykjandominiak.eu\/wp\/zlote-orly-rozrywki-2019-2020-nagroda-odwiedzajacych\/\" \/>\n<meta property=\"og:locale\" content=\"pl_PL\" \/>\n<meta property=\"og:type\" content=\"article\" \/>\n<meta property=\"og:title\" content=\"Z\u0142ote OR\u0141Y Rozrywki 2019 2020 nagroda odwiedzaj\u0105cych - Muzeum Miniaturowej Sztuki Profesjonalnej Henryk Jan Dominiak w Tychach.\" \/>\n<meta property=\"og:description\" content=\"Z\u0142ote OR\u0141Y Rozrywki 2019 2020 nagroda odwiedzaj\u0105cych z bran\u017cy Rozrywki w Polsce dla Muzeum Miniaturowej Sztuki Profesjonalnej Henryk Jan Dominiak w Tychach.\" \/>\n<meta property=\"og:url\" content=\"https:\/\/muzeumminiaturowejsztukiprofesjonalnejhenrykjandominiak.eu\/wp\/zlote-orly-rozrywki-2019-2020-nagroda-odwiedzajacych\/\" \/>\n<meta property=\"og:site_name\" content=\"Muzeum Miniaturowej Sztuki Profesjonalnej Henryk Jan Dominiak w Tychach.\" \/>\n<meta property=\"article:modified_time\" content=\"2021-08-18T12:32:01+00:00\" \/>\n<meta property=\"og:image\" content=\"https:\/\/muzeumminiaturowejsztukiprofesjonalnejhenrykjandominiak.eu\/wp\/wp-content\/uploads\/2016\/03\/ozdoba-graficzna-tekstu-okresowe-spotkania-w-muzeum-ornament-w-ksi\u0105\u017cce-autor-Henryk-Jan-Dominiak.png\" \/>\n\t<meta property=\"og:image:width\" content=\"922\" \/>\n\t<meta property=\"og:image:height\" content=\"922\" \/>\n\t<meta property=\"og:image:type\" content=\"image\/png\" \/>\n<meta name=\"twitter:card\" content=\"summary\" \/>\n<meta name=\"twitter:label1\" content=\"Szacowany czas czytania\" \/>\n\t<meta name=\"twitter:data1\" content=\"13 minut\" \/>\n<script type=\"application\/ld+json\" class=\"yoast-schema-graph\">{\"@context\":\"https:\/\/schema.org\",\"@graph\":[{\"@type\":\"WebSite\",\"@id\":\"https:\/\/muzeumminiaturowejsztukiprofesjonalnejhenrykjandominiak.eu\/wp\/#website\",\"url\":\"https:\/\/muzeumminiaturowejsztukiprofesjonalnejhenrykjandominiak.eu\/wp\/\",\"name\":\"Muzeum Miniaturowej Sztuki Profesjonalnej Henryk Jan Dominiak w Tychach.\",\"description\":\"\",\"potentialAction\":[{\"@type\":\"SearchAction\",\"target\":{\"@type\":\"EntryPoint\",\"urlTemplate\":\"https:\/\/muzeumminiaturowejsztukiprofesjonalnejhenrykjandominiak.eu\/wp\/?s={search_term_string}\"},\"query-input\":\"required name=search_term_string\"}],\"inLanguage\":\"pl-PL\"},{\"@type\":\"ImageObject\",\"@id\":\"https:\/\/muzeumminiaturowejsztukiprofesjonalnejhenrykjandominiak.eu\/wp\/zlote-orly-rozrywki-2019-2020-nagroda-odwiedzajacych\/#primaryimage\",\"inLanguage\":\"pl-PL\",\"url\":\"https:\/\/muzeumminiaturowejsztukiprofesjonalnejhenrykjandominiak.eu\/wp\/wp-content\/uploads\/2016\/03\/ozdoba-graficzna-tekstu-okresowe-spotkania-w-muzeum-ornament-w-ksi\u0105\u017cce-autor-Henryk-Jan-Dominiak.png\",\"contentUrl\":\"https:\/\/muzeumminiaturowejsztukiprofesjonalnejhenrykjandominiak.eu\/wp\/wp-content\/uploads\/2016\/03\/ozdoba-graficzna-tekstu-okresowe-spotkania-w-muzeum-ornament-w-ksi\u0105\u017cce-autor-Henryk-Jan-Dominiak.png\",\"width\":922,\"height\":922},{\"@type\":\"WebPage\",\"@id\":\"https:\/\/muzeumminiaturowejsztukiprofesjonalnejhenrykjandominiak.eu\/wp\/zlote-orly-rozrywki-2019-2020-nagroda-odwiedzajacych\/#webpage\",\"url\":\"https:\/\/muzeumminiaturowejsztukiprofesjonalnejhenrykjandominiak.eu\/wp\/zlote-orly-rozrywki-2019-2020-nagroda-odwiedzajacych\/\",\"name\":\"Z\u0142ote OR\u0141Y Rozrywki 2019 2020 nagroda odwiedzaj\u0105cych - Muzeum Miniaturowej Sztuki Profesjonalnej Henryk Jan Dominiak w Tychach.\",\"isPartOf\":{\"@id\":\"https:\/\/muzeumminiaturowejsztukiprofesjonalnejhenrykjandominiak.eu\/wp\/#website\"},\"primaryImageOfPage\":{\"@id\":\"https:\/\/muzeumminiaturowejsztukiprofesjonalnejhenrykjandominiak.eu\/wp\/zlote-orly-rozrywki-2019-2020-nagroda-odwiedzajacych\/#primaryimage\"},\"datePublished\":\"2020-11-13T18:34:32+00:00\",\"dateModified\":\"2021-08-18T12:32:01+00:00\",\"description\":\"Z\u0142ote OR\u0141Y Rozrywki 2019 2020 nagroda odwiedzaj\u0105cych z bran\u017cy Rozrywki w Polsce dla Muzeum Miniaturowej Sztuki Profesjonalnej Henryk Jan Dominiak w Tychach.\",\"breadcrumb\":{\"@id\":\"https:\/\/muzeumminiaturowejsztukiprofesjonalnejhenrykjandominiak.eu\/wp\/zlote-orly-rozrywki-2019-2020-nagroda-odwiedzajacych\/#breadcrumb\"},\"inLanguage\":\"pl-PL\",\"potentialAction\":[{\"@type\":\"ReadAction\",\"target\":[\"https:\/\/muzeumminiaturowejsztukiprofesjonalnejhenrykjandominiak.eu\/wp\/zlote-orly-rozrywki-2019-2020-nagroda-odwiedzajacych\/\"]}]},{\"@type\":\"BreadcrumbList\",\"@id\":\"https:\/\/muzeumminiaturowejsztukiprofesjonalnejhenrykjandominiak.eu\/wp\/zlote-orly-rozrywki-2019-2020-nagroda-odwiedzajacych\/#breadcrumb\",\"itemListElement\":[{\"@type\":\"ListItem\",\"position\":1,\"name\":\"Strona g\u0142\u00f3wna\",\"item\":\"https:\/\/muzeumminiaturowejsztukiprofesjonalnejhenrykjandominiak.eu\/wp\/\"},{\"@type\":\"ListItem\",\"position\":2,\"name\":\"Z\u0142ote OR\u0141Y Rozrywki 2019 2020 nagroda odwiedzaj\u0105cych\"}]}]}<\/script>\n<!-- \/ Yoast SEO plugin. -->","yoast_head_json":{"title":"Z\u0142ote OR\u0141Y Rozrywki 2019 2020 nagroda odwiedzaj\u0105cych - Muzeum Miniaturowej Sztuki Profesjonalnej Henryk Jan Dominiak w Tychach.","description":"Z\u0142ote OR\u0141Y Rozrywki 2019 2020 nagroda odwiedzaj\u0105cych z bran\u017cy Rozrywki w Polsce dla Muzeum Miniaturowej Sztuki Profesjonalnej Henryk Jan Dominiak w Tychach.","robots":{"index":"index","follow":"follow","max-snippet":"max-snippet:-1","max-image-preview":"max-image-preview:large","max-video-preview":"max-video-preview:-1"},"canonical":"https:\/\/muzeumminiaturowejsztukiprofesjonalnejhenrykjandominiak.eu\/wp\/zlote-orly-rozrywki-2019-2020-nagroda-odwiedzajacych\/","og_locale":"pl_PL","og_type":"article","og_title":"Z\u0142ote OR\u0141Y Rozrywki 2019 2020 nagroda odwiedzaj\u0105cych - Muzeum Miniaturowej Sztuki Profesjonalnej Henryk Jan Dominiak w Tychach.","og_description":"Z\u0142ote OR\u0141Y Rozrywki 2019 2020 nagroda odwiedzaj\u0105cych z bran\u017cy Rozrywki w Polsce dla Muzeum Miniaturowej Sztuki Profesjonalnej Henryk Jan Dominiak w Tychach.","og_url":"https:\/\/muzeumminiaturowejsztukiprofesjonalnejhenrykjandominiak.eu\/wp\/zlote-orly-rozrywki-2019-2020-nagroda-odwiedzajacych\/","og_site_name":"Muzeum Miniaturowej Sztuki Profesjonalnej Henryk Jan Dominiak w Tychach.","article_modified_time":"2021-08-18T12:32:01+00:00","og_image":[{"width":922,"height":922,"url":"https:\/\/muzeumminiaturowejsztukiprofesjonalnejhenrykjandominiak.eu\/wp\/wp-content\/uploads\/2016\/03\/ozdoba-graficzna-tekstu-okresowe-spotkania-w-muzeum-ornament-w-ksi\u0105\u017cce-autor-Henryk-Jan-Dominiak.png","type":"image\/png"}],"twitter_card":"summary","twitter_misc":{"Szacowany czas czytania":"13 minut"},"schema":{"@context":"https:\/\/schema.org","@graph":[{"@type":"WebSite","@id":"https:\/\/muzeumminiaturowejsztukiprofesjonalnejhenrykjandominiak.eu\/wp\/#website","url":"https:\/\/muzeumminiaturowejsztukiprofesjonalnejhenrykjandominiak.eu\/wp\/","name":"Muzeum Miniaturowej Sztuki Profesjonalnej Henryk Jan Dominiak w Tychach.","description":"","potentialAction":[{"@type":"SearchAction","target":{"@type":"EntryPoint","urlTemplate":"https:\/\/muzeumminiaturowejsztukiprofesjonalnejhenrykjandominiak.eu\/wp\/?s={search_term_string}"},"query-input":"required name=search_term_string"}],"inLanguage":"pl-PL"},{"@type":"ImageObject","@id":"https:\/\/muzeumminiaturowejsztukiprofesjonalnejhenrykjandominiak.eu\/wp\/zlote-orly-rozrywki-2019-2020-nagroda-odwiedzajacych\/#primaryimage","inLanguage":"pl-PL","url":"https:\/\/muzeumminiaturowejsztukiprofesjonalnejhenrykjandominiak.eu\/wp\/wp-content\/uploads\/2016\/03\/ozdoba-graficzna-tekstu-okresowe-spotkania-w-muzeum-ornament-w-ksi\u0105\u017cce-autor-Henryk-Jan-Dominiak.png","contentUrl":"https:\/\/muzeumminiaturowejsztukiprofesjonalnejhenrykjandominiak.eu\/wp\/wp-content\/uploads\/2016\/03\/ozdoba-graficzna-tekstu-okresowe-spotkania-w-muzeum-ornament-w-ksi\u0105\u017cce-autor-Henryk-Jan-Dominiak.png","width":922,"height":922},{"@type":"WebPage","@id":"https:\/\/muzeumminiaturowejsztukiprofesjonalnejhenrykjandominiak.eu\/wp\/zlote-orly-rozrywki-2019-2020-nagroda-odwiedzajacych\/#webpage","url":"https:\/\/muzeumminiaturowejsztukiprofesjonalnejhenrykjandominiak.eu\/wp\/zlote-orly-rozrywki-2019-2020-nagroda-odwiedzajacych\/","name":"Z\u0142ote OR\u0141Y Rozrywki 2019 2020 nagroda odwiedzaj\u0105cych - Muzeum Miniaturowej Sztuki Profesjonalnej Henryk Jan Dominiak w Tychach.","isPartOf":{"@id":"https:\/\/muzeumminiaturowejsztukiprofesjonalnejhenrykjandominiak.eu\/wp\/#website"},"primaryImageOfPage":{"@id":"https:\/\/muzeumminiaturowejsztukiprofesjonalnejhenrykjandominiak.eu\/wp\/zlote-orly-rozrywki-2019-2020-nagroda-odwiedzajacych\/#primaryimage"},"datePublished":"2020-11-13T18:34:32+00:00","dateModified":"2021-08-18T12:32:01+00:00","description":"Z\u0142ote OR\u0141Y Rozrywki 2019 2020 nagroda odwiedzaj\u0105cych z bran\u017cy Rozrywki w Polsce dla Muzeum Miniaturowej Sztuki Profesjonalnej Henryk Jan Dominiak w Tychach.","breadcrumb":{"@id":"https:\/\/muzeumminiaturowejsztukiprofesjonalnejhenrykjandominiak.eu\/wp\/zlote-orly-rozrywki-2019-2020-nagroda-odwiedzajacych\/#breadcrumb"},"inLanguage":"pl-PL","potentialAction":[{"@type":"ReadAction","target":["https:\/\/muzeumminiaturowejsztukiprofesjonalnejhenrykjandominiak.eu\/wp\/zlote-orly-rozrywki-2019-2020-nagroda-odwiedzajacych\/"]}]},{"@type":"BreadcrumbList","@id":"https:\/\/muzeumminiaturowejsztukiprofesjonalnejhenrykjandominiak.eu\/wp\/zlote-orly-rozrywki-2019-2020-nagroda-odwiedzajacych\/#breadcrumb","itemListElement":[{"@type":"ListItem","position":1,"name":"Strona g\u0142\u00f3wna","item":"https:\/\/muzeumminiaturowejsztukiprofesjonalnejhenrykjandominiak.eu\/wp\/"},{"@type":"ListItem","position":2,"name":"Z\u0142ote OR\u0141Y Rozrywki 2019 2020 nagroda odwiedzaj\u0105cych"}]}]}},"_links":{"self":[{"href":"https:\/\/muzeumminiaturowejsztukiprofesjonalnejhenrykjandominiak.eu\/wp\/wp-json\/wp\/v2\/pages\/11561"}],"collection":[{"href":"https:\/\/muzeumminiaturowejsztukiprofesjonalnejhenrykjandominiak.eu\/wp\/wp-json\/wp\/v2\/pages"}],"about":[{"href":"https:\/\/muzeumminiaturowejsztukiprofesjonalnejhenrykjandominiak.eu\/wp\/wp-json\/wp\/v2\/types\/page"}],"author":[{"embeddable":true,"href":"https:\/\/muzeumminiaturowejsztukiprofesjonalnejhenrykjandominiak.eu\/wp\/wp-json\/wp\/v2\/users\/1"}],"replies":[{"embeddable":true,"href":"https:\/\/muzeumminiaturowejsztukiprofesjonalnejhenrykjandominiak.eu\/wp\/wp-json\/wp\/v2\/comments?post=11561"}],"version-history":[{"count":14,"href":"https:\/\/muzeumminiaturowejsztukiprofesjonalnejhenrykjandominiak.eu\/wp\/wp-json\/wp\/v2\/pages\/11561\/revisions"}],"predecessor-version":[{"id":19463,"href":"https:\/\/muzeumminiaturowejsztukiprofesjonalnejhenrykjandominiak.eu\/wp\/wp-json\/wp\/v2\/pages\/11561\/revisions\/19463"}],"wp:featuredmedia":[{"embeddable":true,"href":"https:\/\/muzeumminiaturowejsztukiprofesjonalnejhenrykjandominiak.eu\/wp\/wp-json\/wp\/v2\/media\/6642"}],"wp:attachment":[{"href":"https:\/\/muzeumminiaturowejsztukiprofesjonalnejhenrykjandominiak.eu\/wp\/wp-json\/wp\/v2\/media?parent=11561"}],"curies":[{"name":"wp","href":"https:\/\/api.w.org\/{rel}","templated":true}]}}